{"id":32591,"date":"2023-03-28T11:24:36","date_gmt":"2023-03-28T09:24:36","guid":{"rendered":"https:\/\/www.visitgorliz.eus\/suscribete\/"},"modified":"2024-01-30T11:27:50","modified_gmt":"2024-01-30T09:27:50","slug":"harpidetu","status":"publish","type":"page","link":"https:\/\/www.visitgorliz.eus\/eu\/harpidetu\/","title":{"rendered":"HARPIDETU"},"content":{"rendered":"\n<div class=\"wp-block-cover alignfull is-light gpb-altitude-section-colorful-quote\" style=\"margin-top:0;margin-bottom:0;min-height:80px;aspect-ratio:unset;\"><span aria-hidden=\"true\" class=\"wp-block-cover__background has-primary-background-color has-background-dim-100 has-background-dim\"><\/span><div class=\"wp-block-cover__inner-container is-layout-flow wp-block-cover-is-layout-flow\">\n<div class=\"wp-block-genesis-blocks-gb-columns gb-layout-columns-1 gb-1-col-equal gb-has-custom-text-color gb-columns-center\" style=\"padding-right:1em;padding-left:1em;color:#ffffff\"><div class=\"gb-layout-column-wrap gb-block-layout-column-gap-0 gb-is-responsive-column\" style=\"max-width:1400px\">\n<div class=\"wp-block-genesis-blocks-gb-column gb-block-layout-column\"><div class=\"gb-block-layout-column-inner\">\n<h1 class=\"wp-block-heading has-text-align-left has-large-font-size\" style=\"margin-top:0;margin-bottom:0;font-style:normal;font-weight:400;line-height:1.1\">HARPIDETU<\/h1>\n<\/div><\/div>\n<\/div><\/div>\n<\/div><\/div>\n\n\n\n<div class=\"wp-block-genesis-blocks-gb-columns gb-layout-columns-2 gb-2-col-wideleft gb-columns-center\" style=\"padding-right:3em;padding-left:3em\"><div class=\"gb-layout-column-wrap gb-block-layout-column-gap-1 gb-is-responsive-column\" style=\"max-width:1400px\">\n<div class=\"wp-block-genesis-blocks-gb-column gb-block-layout-column\"><div class=\"gb-block-layout-column-inner\">\n<p class=\"wp-block-paragraph\"><\/p>\n\n\n\n<div class=\"wp-block-group is-layout-constrained wp-container-core-group-is-layout-4f0c99ed wp-block-group-is-layout-constrained\">\n<div id=\"mc_embed_shell\">\n      <link href=\"\/\/cdn-images.mailchimp.com\/embedcode\/classic-061523.css\" rel=\"stylesheet\" type=\"text\/css\">\n  <style type=\"text\/css\">\n        #mc_embed_signup{background:#fff; false;clear:left; font:14px Helvetica,Arial,sans-serif; width: 600px;}\n        \/* Add your own Mailchimp form style overrides in your site stylesheet or in this style block.\n           We recommend moving this block and the preceding CSS link to the HEAD of your HTML file. *\/\n<\/style><style type=\"text\/css\">\n        #mc-embedded-subscribe-form input[type=checkbox]{display: inline; width: auto;margin-right: 10px;}\n#mergeRow-gdpr {margin-top: 20px;}\n#mergeRow-gdpr fieldset label {font-weight: normal;}\n#mc-embedded-subscribe-form .mc_fieldset{border:none;min-height: 0px;padding-bottom:0px;}\n<\/style>\n<div id=\"mc_embed_signup\">\n    <form action=\"https:\/\/visitgorliz.us12.list-manage.com\/subscribe\/post?u=96340f837d7ed93e11f5ab18f&amp;id=1cc792251c&amp;v_id=6839&amp;f_id=0000b8e0f0\" method=\"post\" id=\"mc-embedded-subscribe-form\" name=\"mc-embedded-subscribe-form\" class=\"validate\" target=\"_blank\">\n        <div id=\"mc_embed_signup_scroll\"><h2>HARPIDETU \/ SUSCR\u00cdBETE<\/h2>\n            <div class=\"mc-field-group\"><label for=\"mce-EMAIL\">Zure korreo elektronikoa \/ Tu correo electr\u00f3nico * <span class=\"asterisk\">*<\/span><\/label><input type=\"email\" name=\"EMAIL\" class=\"required email\" id=\"mce-EMAIL\" required=\"\" value=\"\"><\/div><div class=\"mc-field-group\"><label for=\"mce-NOMBRE\">Izena \/ Nombre <\/label><input type=\"text\" name=\"NOMBRE\" class=\" text\" id=\"mce-NOMBRE\" value=\"\"><\/div><div class=\"mc-field-group input-group\"><strong>Interesak \/ Intereses <\/strong><ul><li><input type=\"checkbox\" name=\"group[54815][1]\" id=\"mce-group[54815]-54815-0\" value=\"\"><label for=\"mce-group[54815]-54815-0\">Abentura \/ Aventura<\/label><\/li><li><input type=\"checkbox\" name=\"group[54815][2]\" id=\"mce-group[54815]-54815-1\" value=\"\"><label for=\"mce-group[54815]-54815-1\">Kirolak \/ Deportes<\/label><\/li><li><input type=\"checkbox\" name=\"group[54815][4]\" id=\"mce-group[54815]-54815-2\" value=\"\"><label for=\"mce-group[54815]-54815-2\">Kultura \/ Cultura<\/label><\/li><li><input type=\"checkbox\" name=\"group[54815][8]\" id=\"mce-group[54815]-54815-3\" value=\"\"><label for=\"mce-group[54815]-54815-3\">Gastronomia \/ Gastronom\u00eda<\/label><\/li><li><input type=\"checkbox\" name=\"group[54815][16]\" id=\"mce-group[54815]-54815-4\" value=\"\"><label for=\"mce-group[54815]-54815-4\">Jaiak \/ Fiestas<\/label><\/li><li><input type=\"checkbox\" name=\"group[54815][32]\" id=\"mce-group[54815]-54815-5\" value=\"\"><label for=\"mce-group[54815]-54815-5\">Beste Batzuk \/ Otros<\/label><\/li><\/ul><\/div><div class=\"mc-field-group input-group\"><strong>Jatorria \/ Procedencia <\/strong><ul><li><input type=\"checkbox\" name=\"group[54819][64]\" id=\"mce-group[54819]-54819-0\" value=\"\"><label for=\"mce-group[54819]-54819-0\">Euskadi<\/label><\/li><li><input type=\"checkbox\" name=\"group[54819][128]\" id=\"mce-group[54819]-54819-1\" value=\"\"><label for=\"mce-group[54819]-54819-1\">Nacionala<\/label><\/li><li><input type=\"checkbox\" name=\"group[54819][256]\" id=\"mce-group[54819]-54819-2\" value=\"\"><label for=\"mce-group[54819]-54819-2\">Internacionala<\/label><\/li><\/ul><\/div><div id=\"mergeRow-gdpr\" class=\"mergeRow gdpr-mergeRow content__gdprBlock mc-field-group\"><div class=\"content__gdpr\"><label>Sustapen baimenak \/ Permisos de promoci\u00f3n<\/label><p>EUS: Visit Gorliz-ek formulario honetan zuk emandako informazioa erabiliko du zugaz kontaktuan izateko eta berriak eta promozioak bialtzeko \n\nES: Visit Gorliz usar\u00e1 la informaci\u00f3n que usted proporcione en este formulario para estar en contacto con usted y para enviarle noticias y promociones. <\/p><fieldset class=\"mc_fieldset gdprRequired mc-field-group\" name=\"interestgroup_field\"><label class=\"checkbox subfield\" for=\"gdpr10177\"><input type=\"checkbox\" id=\"gdpr_10177\" name=\"gdpr[10177]\" class=\"gdpr\" value=\"Y\"><span>EUS: Kondizio eta baldintzak onartu behar dituzu zure mezua bidali aurretik. ES: Debes aceptar los t\u00e9rminos y condiciones antes de enviar tu mensaje<\/span><\/label><\/fieldset><p>EUS: Edozein momentutan iritziz alda dezakezu guk bidalitako edozein korreoren azpikaldean aurkituko duzun harpidetza ezeztatu Klikatuaz edota gurekin harremanetan jarriaz info@visitgorliz.eus bitartez. \nZure informazioa errezpetuz tratatua izango da. Gure pribatasun praktikei buruz informazio gehiago izateko, bisita ezazu gure web orria.  \nJarraian klik egitean, zure informazioa baldintza hauetan prozesatzera  baimentzen gaituzu. \n\nES: Puede cambiar de opini\u00f3n en cualquier momento haciendo clic en el enlace desuscribir que hay en el pie de p\u00e1gina de cualquier correo electr\u00f3nico que reciba de nuestra parte, o poni\u00e9ndose en contacto con nosotros al info@visitgorliz.eus. Trataremos su informaci\u00f3n con respeto. Para obtener m\u00e1s informaci\u00f3n acerca de nuestras pr\u00e1cticas de privacidad, visite nuestro sitio web. Al hacer clic a continuaci\u00f3n, acepta que podamos procesar su informaci\u00f3n de acuerdo con estos t\u00e9rminos.<\/p><\/div><\/div>\n        <div id=\"mce-responses\" class=\"clear foot\">\n            <div class=\"response\" id=\"mce-error-response\" style=\"display: none;\"><\/div>\n            <div class=\"response\" id=\"mce-success-response\" style=\"display: none;\"><\/div>\n        <\/div>\n    <div aria-hidden=\"true\" style=\"position: absolute; left: -5000px;\">\n        \/* real people should not fill this in and expect good things &#8211; do not remove this or risk form bot signups *\/\n        <input type=\"text\" name=\"b_96340f837d7ed93e11f5ab18f_1cc792251c\" tabindex=\"-1\" value=\"\">\n    <\/div>\n        <div class=\"optionalParent\">\n            <div class=\"clear foot\">\n                <input type=\"submit\" name=\"subscribe\" id=\"mc-embedded-subscribe\" class=\"button\" value=\"Bidali \/ Enviar\">\n                \n            <\/div>\n        <\/div>\n    <\/div>\n<\/form>\n<\/div>\n<script type=\"text\/javascript\" src=\"\/\/s3.amazonaws.com\/downloads.mailchimp.com\/js\/mc-validate.js\"><\/script><script type=\"text\/javascript\">(function($) {window.fnames = new Array(); window.ftypes = new Array();fnames[0]='EMAIL';ftypes[0]='email';fnames[3]='NOMBRE';ftypes[3]='text';\/*\n * Translated default messages for the $ validation plugin.\n * Locale: ES\n *\/\n$.extend($.validator.messages, {\n  required: \"Este campo es obligatorio.\",\n  remote: \"Por favor, rellena este campo.\",\n  email: \"Por favor, escribe una direcci\u00f3n de correo v\u00e1lida\",\n  url: \"Por favor, escribe una URL v\u00e1lida.\",\n  date: \"Por favor, escribe una fecha v\u00e1lida.\",\n  dateISO: \"Por favor, escribe una fecha (ISO) v\u00e1lida.\",\n  number: \"Por favor, escribe un n\u00famero entero v\u00e1lido.\",\n  digits: \"Por favor, escribe s\u00f3lo d\u00edgitos.\",\n  creditcard: \"Por favor, escribe un n\u00famero de tarjeta v\u00e1lido.\",\n  equalTo: \"Por favor, escribe el mismo valor de nuevo.\",\n  accept: \"Por favor, escribe un valor con una extensi\u00f3n aceptada.\",\n  maxlength: $.validator.format(\"Por favor, no escribas m\u00e1s de {0} caracteres.\"),\n  minlength: $.validator.format(\"Por favor, no escribas menos de {0} caracteres.\"),\n  rangelength: $.validator.format(\"Por favor, escribe un valor entre {0} y {1} caracteres.\"),\n  range: $.validator.format(\"Por favor, escribe un valor entre {0} y {1}.\"),\n  max: $.validator.format(\"Por favor, escribe un valor menor o igual a {0}.\"),\n  min: $.validator.format(\"Por favor, escribe un valor mayor o igual a {0}.\")\n});}(jQuery));var $mcj = jQuery.noConflict(true);<\/script><\/div>\n<\/div>\n<\/div><\/div>\n\n\n\n<div class=\"wp-block-genesis-blocks-gb-column gb-block-layout-column\"><div class=\"gb-block-layout-column-inner\">\n<p class=\"wp-block-paragraph\"><\/p>\n\n\n<!-- TODOS -->\n\n<div class=\"container_listado listado_todos\"> \n    <div class=\"wp-block-genesis-blocks-gb-columns gb-slate-section-feature-image-and-text-columns gb-slate-section-feature-image-columns gb-layout-columns-1 one-column gb-has-custom-background-color gb-has-custom-text-color gb-columns-center alignfull bloque_listado_personalizado\" style=\"padding-right:0em;padding-left:0em;padding-top:1em;padding-bottom:1em;background-color:#fff;color:#1f1f1f\">\n        <div class=\"gb-layout-column-wrap gb-block-layout-column-gap-1 gb-is-responsive-column\" style=\"max-width:1450px\">\n            <div class=\"wp-block-genesis-blocks-gb-column gb-block-layout-column\">\n                <div class=\"gb-block-layout-column-inner\">\n                    <div class=\"wp-block-genesis-blocks-gb-columns gb-layout-columns-1 gb-1-col-equal\">\n                                        \n                                <div class=\"gb-layout-column-wrap gb-block-layout-column-gap-3 gb-is-responsive-column\" style=\"padding-right:0em;padding-left:0em;padding-bottom:0em;\">\n                                            <!--- 1 bloque -->\n                                    <!--\n                                        <div class=\"wp-block-genesis-blocks-gb-column gb-block-layout-column card\" style=\"padding-top:1em;padding-bottom:1em;\">\n                                            <div class=\"gb-block-layout-column-inner\">                                                \n                                                <figure class=\"wp-block-image size-full has-custom-border is-style-image-image-zoom imagen_eventos_list\">\n                                                    <img decoding=\"async\" width=\"500\" height=\"300\" data-src=\"hhttps:\/\/www.visitgorliz.eus\/wp-content\/uploads\/2026\/06\/2025ko-Gorlizko-Udako-Planak-Planes-de-verano-en-Gorliz-2025-1.png\" alt=\"\" class=\"wp-image-23040 lazyload\" style=\"--smush-placeholder-width: 500px; --smush-placeholder-aspect-ratio: 500\/300;border-width:2px;border-radius:5px\" data-srcset=\"https:\/\/www.visitgorliz.eus\/wp-content\/uploads\/2026\/06\/2025ko-Gorlizko-Udako-Planak-Planes-de-verano-en-Gorliz-2025-1.png 500w, https:\/\/www.visitgorliz.eus\/wp-content\/uploads\/2026\/06\/2025ko-Gorlizko-Udako-Planak-Planes-de-verano-en-Gorliz-2025-1.png 300w\" data-sizes=\"auto, (max-width: 500px) 100vw, 500px\" src=\"data:image\/svg+xml;base64,PHN2ZyB3aWR0aD0iMSIgaGVpZ2h0PSIxIiB4bWxucz0iaHR0cDovL3d3dy53My5vcmcvMjAwMC9zdmciPjwvc3ZnPg==\">\n                                                <\/figure>\n                                                <h2 class=\"has-text-color\" style=\"color:#1f1f1f;font-size:26px;font-style:normal;font-weight:400\">GORLIZKO UDAKO PLANAK<\/h2>\n                                                <div style=\"line-height:24px;\" class=\"contenido_txt\">\n                                                    <p><strong>Gorlizko udako planak 2026<\/strong><\/p>                                                <\/div>\n                                                <p> <a href=\"https:\/\/www.visitgorliz.eus\/eu\/gertaera\/gorlizko-udako-planak-2026\/\" title=\"GORLIZKO UDAKO PLANAK\">Gertaera ikusi<\/a><\/p>                                                \n                                            <\/div>\n                                        <\/div>\n-->\n                                        <div class=\"containerEventos\">\n                                            <div class=\"ContainerEventos1\">\n                                                                                                <figure class=\"wp-block-image size-full has-custom-border is-style-image-image-zoom imagen_eventos_list\">\n                                                    <a href=\"https:\/\/www.visitgorliz.eus\/eu\/gertaera\/gorlizko-udako-planak-2026\/\" title=\"GORLIZKO UDAKO PLANAK\"><img decoding=\"async\" width=\"500\" height=\"300\" data-src=\"hhttps:\/\/www.visitgorliz.eus\/wp-content\/uploads\/2026\/06\/2025ko-Gorlizko-Udako-Planak-Planes-de-verano-en-Gorliz-2025-1.png\" alt=\"GORLIZKO UDAKO PLANAK\" class=\"wp-image-23040 lazyload\" style=\"--smush-placeholder-width: 500px; --smush-placeholder-aspect-ratio: 500\/300;border-width:2px;border-radius:5px\" data-srcset=\"https:\/\/www.visitgorliz.eus\/wp-content\/uploads\/2026\/06\/2025ko-Gorlizko-Udako-Planak-Planes-de-verano-en-Gorliz-2025-1.png 500w, https:\/\/www.visitgorliz.eus\/wp-content\/uploads\/2026\/06\/2025ko-Gorlizko-Udako-Planak-Planes-de-verano-en-Gorliz-2025-1.png 300w\" data-sizes=\"auto, (max-width: 500px) 100vw, 500px\" src=\"data:image\/svg+xml;base64,PHN2ZyB3aWR0aD0iMSIgaGVpZ2h0PSIxIiB4bWxucz0iaHR0cDovL3d3dy53My5vcmcvMjAwMC9zdmciPjwvc3ZnPg==\"><\/a>\n                                                <\/figure>\n                                            <\/div>\n                                            <div class=\"ContainerEventos2\">                                                \n                                                <h2 class=\"has-text-color\" style=\"color:#1f1f1f;font-size:22px;font-style:normal;font-weight:500;line-height:24px;\">GORLIZKO UDAKO PLANAK<\/h2>\n                                                <div style=\"line-height:24px;\" class=\"contenido_txt\">\n                                                    <p><strong>Gorlizko udako planak 2026<\/strong><\/p>                                                <\/div>\n                                                <p><a href=\"https:\/\/www.visitgorliz.eus\/eu\/gertaera\/gorlizko-udako-planak-2026\/\" title=\"GORLIZKO UDAKO PLANAK\">Gertaera ikusi<\/a><\/p>\n                                            <\/div>\n                                        <\/div>\n                                        <!--- FIN 1 bloque -->  \n\n                                            <!--- 1 bloque -->\n                                    <!--\n                                        <div class=\"wp-block-genesis-blocks-gb-column gb-block-layout-column card\" style=\"padding-top:1em;padding-bottom:1em;\">\n                                            <div class=\"gb-block-layout-column-inner\">                                                \n                                                <figure class=\"wp-block-image size-full has-custom-border is-style-image-image-zoom imagen_eventos_list\">\n                                                    <img decoding=\"async\" width=\"500\" height=\"300\" data-src=\"hhttps:\/\/www.visitgorliz.eus\/wp-content\/uploads\/2026\/06\/ylanite-paint-2940513_1920.jpg\" alt=\"\" class=\"wp-image-23040 lazyload\" style=\"--smush-placeholder-width: 500px; --smush-placeholder-aspect-ratio: 500\/300;border-width:2px;border-radius:5px\" data-srcset=\"https:\/\/www.visitgorliz.eus\/wp-content\/uploads\/2026\/06\/ylanite-paint-2940513_1920.jpg 500w, https:\/\/www.visitgorliz.eus\/wp-content\/uploads\/2026\/06\/ylanite-paint-2940513_1920.jpg 300w\" data-sizes=\"auto, (max-width: 500px) 100vw, 500px\" src=\"data:image\/svg+xml;base64,PHN2ZyB3aWR0aD0iMSIgaGVpZ2h0PSIxIiB4bWxucz0iaHR0cDovL3d3dy53My5vcmcvMjAwMC9zdmciPjwvc3ZnPg==\">\n                                                <\/figure>\n                                                <h2 class=\"has-text-color\" style=\"color:#1f1f1f;font-size:26px;font-style:normal;font-weight:400\">ARTE ERAKUSKETAK<\/h2>\n                                                <div style=\"line-height:24px;\" class=\"contenido_txt\">\n                                                    <p><strong>2026-07-07<\/strong><\/p><br \/>\r\n<p><strong>2026-09-09<\/strong><\/p>                                                <\/div>\n                                                <p> <a href=\"https:\/\/www.visitgorliz.eus\/eu\/gertaera\/pintura-erakusketak\/\" title=\"ARTE ERAKUSKETAK\">Gertaera ikusi<\/a><\/p>                                                \n                                            <\/div>\n                                        <\/div>\n-->\n                                        <div class=\"containerEventos\">\n                                            <div class=\"ContainerEventos1\">\n                                                                                                <figure class=\"wp-block-image size-full has-custom-border is-style-image-image-zoom imagen_eventos_list\">\n                                                    <a href=\"https:\/\/www.visitgorliz.eus\/eu\/gertaera\/pintura-erakusketak\/\" title=\"ARTE ERAKUSKETAK\"><img decoding=\"async\" width=\"500\" height=\"300\" data-src=\"hhttps:\/\/www.visitgorliz.eus\/wp-content\/uploads\/2026\/06\/ylanite-paint-2940513_1920.jpg\" alt=\"ARTE ERAKUSKETAK\" class=\"wp-image-23040 lazyload\" style=\"--smush-placeholder-width: 500px; --smush-placeholder-aspect-ratio: 500\/300;border-width:2px;border-radius:5px\" data-srcset=\"https:\/\/www.visitgorliz.eus\/wp-content\/uploads\/2026\/06\/ylanite-paint-2940513_1920.jpg 500w, https:\/\/www.visitgorliz.eus\/wp-content\/uploads\/2026\/06\/ylanite-paint-2940513_1920.jpg 300w\" data-sizes=\"auto, (max-width: 500px) 100vw, 500px\" src=\"data:image\/svg+xml;base64,PHN2ZyB3aWR0aD0iMSIgaGVpZ2h0PSIxIiB4bWxucz0iaHR0cDovL3d3dy53My5vcmcvMjAwMC9zdmciPjwvc3ZnPg==\"><\/a>\n                                                <\/figure>\n                                            <\/div>\n                                            <div class=\"ContainerEventos2\">                                                \n                                                <h2 class=\"has-text-color\" style=\"color:#1f1f1f;font-size:22px;font-style:normal;font-weight:500;line-height:24px;\">ARTE ERAKUSKETAK<\/h2>\n                                                <div style=\"line-height:24px;\" class=\"contenido_txt\">\n                                                    <p><strong>2026-07-07<\/strong><\/p><br \/>\r\n<p><strong>2026-09-09<\/strong><\/p>                                                <\/div>\n                                                <p><a href=\"https:\/\/www.visitgorliz.eus\/eu\/gertaera\/pintura-erakusketak\/\" title=\"ARTE ERAKUSKETAK\">Gertaera ikusi<\/a><\/p>\n                                            <\/div>\n                                        <\/div>\n                                        <!--- FIN 1 bloque -->  \n\n                                            <!--- 1 bloque -->\n                                    <!--\n                                        <div class=\"wp-block-genesis-blocks-gb-column gb-block-layout-column card\" style=\"padding-top:1em;padding-bottom:1em;\">\n                                            <div class=\"gb-block-layout-column-inner\">                                                \n                                                <figure class=\"wp-block-image size-full has-custom-border is-style-image-image-zoom imagen_eventos_list\">\n                                                    <img decoding=\"async\" width=\"500\" height=\"300\" data-src=\"hhttps:\/\/www.visitgorliz.eus\/wp-content\/uploads\/2026\/08\/NORDIC-WALKING-IRAILA.png\" alt=\"\" class=\"wp-image-23040 lazyload\" style=\"--smush-placeholder-width: 500px; --smush-placeholder-aspect-ratio: 500\/300;border-width:2px;border-radius:5px\" data-srcset=\"https:\/\/www.visitgorliz.eus\/wp-content\/uploads\/2026\/08\/NORDIC-WALKING-IRAILA.png 500w, https:\/\/www.visitgorliz.eus\/wp-content\/uploads\/2026\/08\/NORDIC-WALKING-IRAILA.png 300w\" data-sizes=\"auto, (max-width: 500px) 100vw, 500px\" src=\"data:image\/svg+xml;base64,PHN2ZyB3aWR0aD0iMSIgaGVpZ2h0PSIxIiB4bWxucz0iaHR0cDovL3d3dy53My5vcmcvMjAwMC9zdmciPjwvc3ZnPg==\">\n                                                <\/figure>\n                                                <h2 class=\"has-text-color\" style=\"color:#1f1f1f;font-size:26px;font-style:normal;font-weight:400\">NORDIC WALKING IRTEERAK IRAILAK 2026<\/h2>\n                                                <div style=\"line-height:24px;\" class=\"contenido_txt\">\n                                                    <p><strong>2026-09-05<\/strong><\/p><br \/>\r\n<p><strong>2026-09-19<\/strong><\/p>                                                <\/div>\n                                                <p> <a href=\"https:\/\/www.visitgorliz.eus\/eu\/gertaera\/nordic-walking-irteerak-irailak-2026\/\" title=\"NORDIC WALKING IRTEERAK IRAILAK 2026\">Gertaera ikusi<\/a><\/p>                                                \n                                            <\/div>\n                                        <\/div>\n-->\n                                        <div class=\"containerEventos\">\n                                            <div class=\"ContainerEventos1\">\n                                                                                                <figure class=\"wp-block-image size-full has-custom-border is-style-image-image-zoom imagen_eventos_list\">\n                                                    <a href=\"https:\/\/www.visitgorliz.eus\/eu\/gertaera\/nordic-walking-irteerak-irailak-2026\/\" title=\"NORDIC WALKING IRTEERAK IRAILAK 2026\"><img decoding=\"async\" width=\"500\" height=\"300\" data-src=\"hhttps:\/\/www.visitgorliz.eus\/wp-content\/uploads\/2026\/08\/NORDIC-WALKING-IRAILA.png\" alt=\"NORDIC WALKING IRTEERAK IRAILAK 2026\" class=\"wp-image-23040 lazyload\" style=\"--smush-placeholder-width: 500px; --smush-placeholder-aspect-ratio: 500\/300;border-width:2px;border-radius:5px\" data-srcset=\"https:\/\/www.visitgorliz.eus\/wp-content\/uploads\/2026\/08\/NORDIC-WALKING-IRAILA.png 500w, https:\/\/www.visitgorliz.eus\/wp-content\/uploads\/2026\/08\/NORDIC-WALKING-IRAILA.png 300w\" data-sizes=\"auto, (max-width: 500px) 100vw, 500px\" src=\"data:image\/svg+xml;base64,PHN2ZyB3aWR0aD0iMSIgaGVpZ2h0PSIxIiB4bWxucz0iaHR0cDovL3d3dy53My5vcmcvMjAwMC9zdmciPjwvc3ZnPg==\"><\/a>\n                                                <\/figure>\n                                            <\/div>\n                                            <div class=\"ContainerEventos2\">                                                \n                                                <h2 class=\"has-text-color\" style=\"color:#1f1f1f;font-size:22px;font-style:normal;font-weight:500;line-height:24px;\">NORDIC WALKING IRTEERAK IRAILAK 2026<\/h2>\n                                                <div style=\"line-height:24px;\" class=\"contenido_txt\">\n                                                    <p><strong>2026-09-05<\/strong><\/p><br \/>\r\n<p><strong>2026-09-19<\/strong><\/p>                                                <\/div>\n                                                <p><a href=\"https:\/\/www.visitgorliz.eus\/eu\/gertaera\/nordic-walking-irteerak-irailak-2026\/\" title=\"NORDIC WALKING IRTEERAK IRAILAK 2026\">Gertaera ikusi<\/a><\/p>\n                                            <\/div>\n                                        <\/div>\n                                        <!--- FIN 1 bloque -->  \n\n                                            <\/div>\n                                \n                            \n                                                \n                                <div class=\"gb-layout-column-wrap gb-block-layout-column-gap-3 gb-is-responsive-column\" style=\"padding-right:0em;padding-left:0em;padding-bottom:0em;\">\n                                            <!--- 1 bloque -->\n                                    <!--\n                                        <div class=\"wp-block-genesis-blocks-gb-column gb-block-layout-column card\" style=\"padding-top:1em;padding-bottom:1em;\">\n                                            <div class=\"gb-block-layout-column-inner\">                                                \n                                                <figure class=\"wp-block-image size-full has-custom-border is-style-image-image-zoom imagen_eventos_list\">\n                                                    <img decoding=\"async\" width=\"500\" height=\"300\" data-src=\"hhttps:\/\/www.visitgorliz.eus\/wp-content\/uploads\/2026\/02\/Post-instagram-dia-internacional-del-musico-clasico-instrumentos-vinotinto.jpg\" alt=\"\" class=\"wp-image-23040 lazyload\" style=\"--smush-placeholder-width: 500px; --smush-placeholder-aspect-ratio: 500\/300;border-width:2px;border-radius:5px\" data-srcset=\"https:\/\/www.visitgorliz.eus\/wp-content\/uploads\/2026\/02\/Post-instagram-dia-internacional-del-musico-clasico-instrumentos-vinotinto.jpg 500w, https:\/\/www.visitgorliz.eus\/wp-content\/uploads\/2026\/02\/Post-instagram-dia-internacional-del-musico-clasico-instrumentos-vinotinto.jpg 300w\" data-sizes=\"auto, (max-width: 500px) 100vw, 500px\" src=\"data:image\/svg+xml;base64,PHN2ZyB3aWR0aD0iMSIgaGVpZ2h0PSIxIiB4bWxucz0iaHR0cDovL3d3dy53My5vcmcvMjAwMC9zdmciPjwvc3ZnPg==\">\n                                                <\/figure>\n                                                <h2 class=\"has-text-color\" style=\"color:#1f1f1f;font-size:26px;font-style:normal;font-weight:400\">TOPAKANTA<\/h2>\n                                                <div style=\"line-height:24px;\" class=\"contenido_txt\">\n                                                    <p><strong>2026-09-10<\/strong><\/p>                                                <\/div>\n                                                <p> <a href=\"https:\/\/www.visitgorliz.eus\/eu\/gertaera\/gorliz-topakanta-jubis\/\" title=\"TOPAKANTA\">Gertaera ikusi<\/a><\/p>                                                \n                                            <\/div>\n                                        <\/div>\n-->\n                                        <div class=\"containerEventos\">\n                                            <div class=\"ContainerEventos1\">\n                                                                                                <figure class=\"wp-block-image size-full has-custom-border is-style-image-image-zoom imagen_eventos_list\">\n                                                    <a href=\"https:\/\/www.visitgorliz.eus\/eu\/gertaera\/gorliz-topakanta-jubis\/\" title=\"TOPAKANTA\"><img decoding=\"async\" width=\"500\" height=\"300\" data-src=\"hhttps:\/\/www.visitgorliz.eus\/wp-content\/uploads\/2026\/02\/Post-instagram-dia-internacional-del-musico-clasico-instrumentos-vinotinto.jpg\" alt=\"TOPAKANTA\" class=\"wp-image-23040 lazyload\" style=\"--smush-placeholder-width: 500px; --smush-placeholder-aspect-ratio: 500\/300;border-width:2px;border-radius:5px\" data-srcset=\"https:\/\/www.visitgorliz.eus\/wp-content\/uploads\/2026\/02\/Post-instagram-dia-internacional-del-musico-clasico-instrumentos-vinotinto.jpg 500w, https:\/\/www.visitgorliz.eus\/wp-content\/uploads\/2026\/02\/Post-instagram-dia-internacional-del-musico-clasico-instrumentos-vinotinto.jpg 300w\" data-sizes=\"auto, (max-width: 500px) 100vw, 500px\" src=\"data:image\/svg+xml;base64,PHN2ZyB3aWR0aD0iMSIgaGVpZ2h0PSIxIiB4bWxucz0iaHR0cDovL3d3dy53My5vcmcvMjAwMC9zdmciPjwvc3ZnPg==\"><\/a>\n                                                <\/figure>\n                                            <\/div>\n                                            <div class=\"ContainerEventos2\">                                                \n                                                <h2 class=\"has-text-color\" style=\"color:#1f1f1f;font-size:22px;font-style:normal;font-weight:500;line-height:24px;\">TOPAKANTA<\/h2>\n                                                <div style=\"line-height:24px;\" class=\"contenido_txt\">\n                                                    <p><strong>2026-09-10<\/strong><\/p>                                                <\/div>\n                                                <p><a href=\"https:\/\/www.visitgorliz.eus\/eu\/gertaera\/gorliz-topakanta-jubis\/\" title=\"TOPAKANTA\">Gertaera ikusi<\/a><\/p>\n                                            <\/div>\n                                        <\/div>\n                                        <!--- FIN 1 bloque -->  \n\n                                            <!--- 1 bloque -->\n                                    <!--\n                                        <div class=\"wp-block-genesis-blocks-gb-column gb-block-layout-column card\" style=\"padding-top:1em;padding-bottom:1em;\">\n                                            <div class=\"gb-block-layout-column-inner\">                                                \n                                                <figure class=\"wp-block-image size-full has-custom-border is-style-image-image-zoom imagen_eventos_list\">\n                                                    <img decoding=\"async\" width=\"500\" height=\"300\" data-src=\"hhttps:\/\/www.visitgorliz.eus\/wp-content\/uploads\/2026\/08\/IBILBIDE-ZIRKULARRAK-IRAILA.png\" alt=\"\" class=\"wp-image-23040 lazyload\" style=\"--smush-placeholder-width: 500px; --smush-placeholder-aspect-ratio: 500\/300;border-width:2px;border-radius:5px\" data-srcset=\"https:\/\/www.visitgorliz.eus\/wp-content\/uploads\/2026\/08\/IBILBIDE-ZIRKULARRAK-IRAILA.png 500w, https:\/\/www.visitgorliz.eus\/wp-content\/uploads\/2026\/08\/IBILBIDE-ZIRKULARRAK-IRAILA.png 300w\" data-sizes=\"auto, (max-width: 500px) 100vw, 500px\" src=\"data:image\/svg+xml;base64,PHN2ZyB3aWR0aD0iMSIgaGVpZ2h0PSIxIiB4bWxucz0iaHR0cDovL3d3dy53My5vcmcvMjAwMC9zdmciPjwvc3ZnPg==\">\n                                                <\/figure>\n                                                <h2 class=\"has-text-color\" style=\"color:#1f1f1f;font-size:26px;font-style:normal;font-weight:400\">2026KO IRAILEKO IBILBIDE ZIRKULARRAK<\/h2>\n                                                <div style=\"line-height:24px;\" class=\"contenido_txt\">\n                                                    <p><strong>2026-09-13<\/strong><\/p><br \/>\r\n<p><strong>2026-09-27 <\/strong><\/p>                                                <\/div>\n                                                <p> <a href=\"https:\/\/www.visitgorliz.eus\/eu\/gertaera\/ibilbide-zirkularrak-iraila-2026\/\" title=\"2026KO IRAILEKO IBILBIDE ZIRKULARRAK\">Gertaera ikusi<\/a><\/p>                                                \n                                            <\/div>\n                                        <\/div>\n-->\n                                        <div class=\"containerEventos\">\n                                            <div class=\"ContainerEventos1\">\n                                                                                                <figure class=\"wp-block-image size-full has-custom-border is-style-image-image-zoom imagen_eventos_list\">\n                                                    <a href=\"https:\/\/www.visitgorliz.eus\/eu\/gertaera\/ibilbide-zirkularrak-iraila-2026\/\" title=\"2026KO IRAILEKO IBILBIDE ZIRKULARRAK\"><img decoding=\"async\" width=\"500\" height=\"300\" data-src=\"hhttps:\/\/www.visitgorliz.eus\/wp-content\/uploads\/2026\/08\/IBILBIDE-ZIRKULARRAK-IRAILA.png\" alt=\"2026KO IRAILEKO IBILBIDE ZIRKULARRAK\" class=\"wp-image-23040 lazyload\" style=\"--smush-placeholder-width: 500px; --smush-placeholder-aspect-ratio: 500\/300;border-width:2px;border-radius:5px\" data-srcset=\"https:\/\/www.visitgorliz.eus\/wp-content\/uploads\/2026\/08\/IBILBIDE-ZIRKULARRAK-IRAILA.png 500w, https:\/\/www.visitgorliz.eus\/wp-content\/uploads\/2026\/08\/IBILBIDE-ZIRKULARRAK-IRAILA.png 300w\" data-sizes=\"auto, (max-width: 500px) 100vw, 500px\" src=\"data:image\/svg+xml;base64,PHN2ZyB3aWR0aD0iMSIgaGVpZ2h0PSIxIiB4bWxucz0iaHR0cDovL3d3dy53My5vcmcvMjAwMC9zdmciPjwvc3ZnPg==\"><\/a>\n                                                <\/figure>\n                                            <\/div>\n                                            <div class=\"ContainerEventos2\">                                                \n                                                <h2 class=\"has-text-color\" style=\"color:#1f1f1f;font-size:22px;font-style:normal;font-weight:500;line-height:24px;\">2026KO IRAILEKO IBILBIDE ZIRKULARRAK<\/h2>\n                                                <div style=\"line-height:24px;\" class=\"contenido_txt\">\n                                                    <p><strong>2026-09-13<\/strong><\/p><br \/>\r\n<p><strong>2026-09-27 <\/strong><\/p>                                                <\/div>\n                                                <p><a href=\"https:\/\/www.visitgorliz.eus\/eu\/gertaera\/ibilbide-zirkularrak-iraila-2026\/\" title=\"2026KO IRAILEKO IBILBIDE ZIRKULARRAK\">Gertaera ikusi<\/a><\/p>\n                                            <\/div>\n                                        <\/div>\n                                        <!--- FIN 1 bloque -->  \n\n                                            <!--- 1 bloque -->\n                                    <!--\n                                        <div class=\"wp-block-genesis-blocks-gb-column gb-block-layout-column card\" style=\"padding-top:1em;padding-bottom:1em;\">\n                                            <div class=\"gb-block-layout-column-inner\">                                                \n                                                <figure class=\"wp-block-image size-full has-custom-border is-style-image-image-zoom imagen_eventos_list\">\n                                                    <img decoding=\"async\" width=\"500\" height=\"300\" data-src=\"hhttps:\/\/www.visitgorliz.eus\/wp-content\/uploads\/2026\/07\/TXALAPARTA-BIRA-1.jpg\" alt=\"\" class=\"wp-image-23040 lazyload\" style=\"--smush-placeholder-width: 500px; --smush-placeholder-aspect-ratio: 500\/300;border-width:2px;border-radius:5px\" data-srcset=\"https:\/\/www.visitgorliz.eus\/wp-content\/uploads\/2026\/07\/TXALAPARTA-BIRA-1.jpg 500w, https:\/\/www.visitgorliz.eus\/wp-content\/uploads\/2026\/07\/TXALAPARTA-BIRA-1.jpg 300w\" data-sizes=\"auto, (max-width: 500px) 100vw, 500px\" src=\"data:image\/svg+xml;base64,PHN2ZyB3aWR0aD0iMSIgaGVpZ2h0PSIxIiB4bWxucz0iaHR0cDovL3d3dy53My5vcmcvMjAwMC9zdmciPjwvc3ZnPg==\">\n                                                <\/figure>\n                                                <h2 class=\"has-text-color\" style=\"color:#1f1f1f;font-size:26px;font-style:normal;font-weight:400\">TXALAPARTA BIRA<\/h2>\n                                                <div style=\"line-height:24px;\" class=\"contenido_txt\">\n                                                    <p><strong>2026-09-19<\/strong><\/p>                                                <\/div>\n                                                <p> <a href=\"https:\/\/www.visitgorliz.eus\/eu\/gertaera\/antzerkia-dale-ramon\/\" title=\"TXALAPARTA BIRA\">Gertaera ikusi<\/a><\/p>                                                \n                                            <\/div>\n                                        <\/div>\n-->\n                                        <div class=\"containerEventos\">\n                                            <div class=\"ContainerEventos1\">\n                                                                                                <figure class=\"wp-block-image size-full has-custom-border is-style-image-image-zoom imagen_eventos_list\">\n                                                    <a href=\"https:\/\/www.visitgorliz.eus\/eu\/gertaera\/antzerkia-dale-ramon\/\" title=\"TXALAPARTA BIRA\"><img decoding=\"async\" width=\"500\" height=\"300\" data-src=\"hhttps:\/\/www.visitgorliz.eus\/wp-content\/uploads\/2026\/07\/TXALAPARTA-BIRA-1.jpg\" alt=\"TXALAPARTA BIRA\" class=\"wp-image-23040 lazyload\" style=\"--smush-placeholder-width: 500px; --smush-placeholder-aspect-ratio: 500\/300;border-width:2px;border-radius:5px\" data-srcset=\"https:\/\/www.visitgorliz.eus\/wp-content\/uploads\/2026\/07\/TXALAPARTA-BIRA-1.jpg 500w, https:\/\/www.visitgorliz.eus\/wp-content\/uploads\/2026\/07\/TXALAPARTA-BIRA-1.jpg 300w\" data-sizes=\"auto, (max-width: 500px) 100vw, 500px\" src=\"data:image\/svg+xml;base64,PHN2ZyB3aWR0aD0iMSIgaGVpZ2h0PSIxIiB4bWxucz0iaHR0cDovL3d3dy53My5vcmcvMjAwMC9zdmciPjwvc3ZnPg==\"><\/a>\n                                                <\/figure>\n                                            <\/div>\n                                            <div class=\"ContainerEventos2\">                                                \n                                                <h2 class=\"has-text-color\" style=\"color:#1f1f1f;font-size:22px;font-style:normal;font-weight:500;line-height:24px;\">TXALAPARTA BIRA<\/h2>\n                                                <div style=\"line-height:24px;\" class=\"contenido_txt\">\n                                                    <p><strong>2026-09-19<\/strong><\/p>                                                <\/div>\n                                                <p><a href=\"https:\/\/www.visitgorliz.eus\/eu\/gertaera\/antzerkia-dale-ramon\/\" title=\"TXALAPARTA BIRA\">Gertaera ikusi<\/a><\/p>\n                                            <\/div>\n                                        <\/div>\n                                        <!--- FIN 1 bloque -->  \n\n                                            <\/div>\n                                \n                            \n                                                \n                                <div class=\"gb-layout-column-wrap gb-block-layout-column-gap-3 gb-is-responsive-column\" style=\"padding-right:0em;padding-left:0em;padding-bottom:0em;\">\n                                            <!--- 1 bloque -->\n                                    <!--\n                                        <div class=\"wp-block-genesis-blocks-gb-column gb-block-layout-column card\" style=\"padding-top:1em;padding-bottom:1em;\">\n                                            <div class=\"gb-block-layout-column-inner\">                                                \n                                                <figure class=\"wp-block-image size-full has-custom-border is-style-image-image-zoom imagen_eventos_list\">\n                                                    <img decoding=\"async\" width=\"500\" height=\"300\" data-src=\"hhttps:\/\/www.visitgorliz.eus\/wp-content\/uploads\/2026\/07\/herri-krossa.jpg\" alt=\"\" class=\"wp-image-23040 lazyload\" style=\"--smush-placeholder-width: 500px; --smush-placeholder-aspect-ratio: 500\/300;border-width:2px;border-radius:5px\" data-srcset=\"https:\/\/www.visitgorliz.eus\/wp-content\/uploads\/2026\/07\/herri-krossa.jpg 500w, https:\/\/www.visitgorliz.eus\/wp-content\/uploads\/2026\/07\/herri-krossa.jpg 300w\" data-sizes=\"auto, (max-width: 500px) 100vw, 500px\" src=\"data:image\/svg+xml;base64,PHN2ZyB3aWR0aD0iMSIgaGVpZ2h0PSIxIiB4bWxucz0iaHR0cDovL3d3dy53My5vcmcvMjAwMC9zdmciPjwvc3ZnPg==\">\n                                                <\/figure>\n                                                <h2 class=\"has-text-color\" style=\"color:#1f1f1f;font-size:26px;font-style:normal;font-weight:400\">GORLIZKO HERRI KROSA 2026<\/h2>\n                                                <div style=\"line-height:24px;\" class=\"contenido_txt\">\n                                                    <p><strong>2026-09-27<\/strong><\/p>                                                <\/div>\n                                                <p> <a href=\"https:\/\/www.visitgorliz.eus\/eu\/gertaera\/gorliz-herri-krosa-2026\/\" title=\"GORLIZKO HERRI KROSA 2026\">Gertaera ikusi<\/a><\/p>                                                \n                                            <\/div>\n                                        <\/div>\n-->\n                                        <div class=\"containerEventos\">\n                                            <div class=\"ContainerEventos1\">\n                                                                                                <figure class=\"wp-block-image size-full has-custom-border is-style-image-image-zoom imagen_eventos_list\">\n                                                    <a href=\"https:\/\/www.visitgorliz.eus\/eu\/gertaera\/gorliz-herri-krosa-2026\/\" title=\"GORLIZKO HERRI KROSA 2026\"><img decoding=\"async\" width=\"500\" height=\"300\" data-src=\"hhttps:\/\/www.visitgorliz.eus\/wp-content\/uploads\/2026\/07\/herri-krossa.jpg\" alt=\"GORLIZKO HERRI KROSA 2026\" class=\"wp-image-23040 lazyload\" style=\"--smush-placeholder-width: 500px; --smush-placeholder-aspect-ratio: 500\/300;border-width:2px;border-radius:5px\" data-srcset=\"https:\/\/www.visitgorliz.eus\/wp-content\/uploads\/2026\/07\/herri-krossa.jpg 500w, https:\/\/www.visitgorliz.eus\/wp-content\/uploads\/2026\/07\/herri-krossa.jpg 300w\" data-sizes=\"auto, (max-width: 500px) 100vw, 500px\" src=\"data:image\/svg+xml;base64,PHN2ZyB3aWR0aD0iMSIgaGVpZ2h0PSIxIiB4bWxucz0iaHR0cDovL3d3dy53My5vcmcvMjAwMC9zdmciPjwvc3ZnPg==\"><\/a>\n                                                <\/figure>\n                                            <\/div>\n                                            <div class=\"ContainerEventos2\">                                                \n                                                <h2 class=\"has-text-color\" style=\"color:#1f1f1f;font-size:22px;font-style:normal;font-weight:500;line-height:24px;\">GORLIZKO HERRI KROSA 2026<\/h2>\n                                                <div style=\"line-height:24px;\" class=\"contenido_txt\">\n                                                    <p><strong>2026-09-27<\/strong><\/p>                                                <\/div>\n                                                <p><a href=\"https:\/\/www.visitgorliz.eus\/eu\/gertaera\/gorliz-herri-krosa-2026\/\" title=\"GORLIZKO HERRI KROSA 2026\">Gertaera ikusi<\/a><\/p>\n                                            <\/div>\n                                        <\/div>\n                                        <!--- FIN 1 bloque -->  \n\n                                        \n                            <\/div>\n                        \n                        <\/div>\n                <\/div>\n            <\/div>\n        <\/div>\n    <\/div>\n<\/div>\n<!-- FIN TODOS -->\n\n\n<style id='grigora-used-styles-inline-css'>\n.is-style-custom-link-button span{background-color:var(--wp--preset--color--button);color:var(--wp--preset--color--buttontext);padding:8px 20px 8px 20px !important;border-radius:100px;-webkit-box-shadow:var(--wp--custom--button-shadow);box-shadow:var(--wp--custom--button-shadow);transition:all .3s ease 0s}.is-style-custom-link-button span:hover{filter:brightness(94%) !important}\n.is-style-image-image-zoom{overflow:hidden}.is-style-image-image-zoom img{transition:.3s all ease-in-out}.is-style-image-image-zoom:hover img{transform:scale(1.1)}\n.is-style-cover-image-zoom{overflow:hidden}.is-style-cover-image-zoom .wp-block-cover__image-background{transition:.3s all ease-in-out}.is-style-cover-image-zoom:hover .wp-block-cover__image-background{transform:scale(1.1)}\n.is-style-columns-no-gap{gap:0 !important}\n<\/style><\/div><\/div>\n<\/div><\/div>\n","protected":false},"excerpt":{"rendered":"","protected":false},"author":1,"featured_media":0,"parent":0,"menu_order":0,"comment_status":"closed","ping_status":"closed","template":"wp-custom-template-pagina-con-sidebar-2","meta":{"footnotes":""},"class_list":["post-32591","page","type-page","status-publish","hentry"],"featured_image":{"thumbnail":false,"medium":false,"medium_large":false,"large":false},"yoast_head":"<!-- This site is optimized with the Yoast SEO plugin v28.1 - https:\/\/yoast.com\/product\/yoast-seo-wordpress\/ -->\n<title>Harpidetu Gorlizko turismo bulegoaren buletinera<\/title>\n<meta name=\"description\" content=\"Harpidetu Gorlizko turismo bulegoko buletinera, eta izan datak eta datozen ekitaldiak ezagutzen lehena.\" \/>\n<meta name=\"robots\" content=\"index, follow, max-snippet:-1, max-image-preview:large, max-video-preview:-1\" \/>\n<link rel=\"canonical\" href=\"https:\/\/www.visitgorliz.eus\/eu\/harpidetu\/\" \/>\n<meta property=\"og:locale\" content=\"eu_ES\" \/>\n<meta property=\"og:type\" content=\"article\" \/>\n<meta property=\"og:title\" content=\"Harpidetu Gorlizko turismo bulegoaren buletinera\" \/>\n<meta property=\"og:description\" content=\"Harpidetu Gorlizko turismo bulegoko buletinera, eta izan datak eta datozen ekitaldiak ezagutzen lehena.\" \/>\n<meta property=\"og:url\" content=\"https:\/\/www.visitgorliz.eus\/eu\/harpidetu\/\" \/>\n<meta property=\"og:site_name\" content=\"Turismo Gorliz\" \/>\n<meta property=\"article:publisher\" content=\"https:\/\/www.facebook.com\/GorlizTurismo\/\" \/>\n<meta property=\"article:modified_time\" content=\"2024-01-30T09:27:50+00:00\" \/>\n<meta name=\"twitter:card\" content=\"summary_large_image\" \/>\n<meta name=\"twitter:site\" content=\"@VisitGorliz\" \/>\n<meta name=\"twitter:label1\" content=\"Est. reading time\" \/>\n\t<meta name=\"twitter:data1\" content=\"2 minutes\" \/>\n<!-- \/ Yoast SEO plugin. -->","yoast_head_json":{"title":"Harpidetu Gorlizko turismo bulegoaren buletinera","description":"Harpidetu Gorlizko turismo bulegoko buletinera, eta izan datak eta datozen ekitaldiak ezagutzen lehena.","robots":{"index":"index","follow":"follow","max-snippet":"max-snippet:-1","max-image-preview":"max-image-preview:large","max-video-preview":"max-video-preview:-1"},"canonical":"https:\/\/www.visitgorliz.eus\/eu\/harpidetu\/","og_locale":"eu_ES","og_type":"article","og_title":"Harpidetu Gorlizko turismo bulegoaren buletinera","og_description":"Harpidetu Gorlizko turismo bulegoko buletinera, eta izan datak eta datozen ekitaldiak ezagutzen lehena.","og_url":"https:\/\/www.visitgorliz.eus\/eu\/harpidetu\/","og_site_name":"Turismo Gorliz","article_publisher":"https:\/\/www.facebook.com\/GorlizTurismo\/","article_modified_time":"2024-01-30T09:27:50+00:00","twitter_card":"summary_large_image","twitter_site":"@VisitGorliz","twitter_misc":{"Est. reading time":"2 minutes"},"schema":{"@context":"https:\/\/schema.org","@graph":[{"@type":"WebPage","@id":"https:\/\/www.visitgorliz.eus\/eu\/harpidetu\/","url":"https:\/\/www.visitgorliz.eus\/eu\/harpidetu\/","name":"Harpidetu Gorlizko turismo bulegoaren buletinera","isPartOf":{"@id":"https:\/\/www.visitgorliz.eus\/eu\/#website"},"datePublished":"2023-03-28T09:24:36+00:00","dateModified":"2024-01-30T09:27:50+00:00","description":"Harpidetu Gorlizko turismo bulegoko buletinera, eta izan datak eta datozen ekitaldiak ezagutzen lehena.","breadcrumb":{"@id":"https:\/\/www.visitgorliz.eus\/eu\/harpidetu\/#breadcrumb"},"inLanguage":"eu-ES","potentialAction":[{"@type":"ReadAction","target":["https:\/\/www.visitgorliz.eus\/eu\/harpidetu\/"]}]},{"@type":"BreadcrumbList","@id":"https:\/\/www.visitgorliz.eus\/eu\/harpidetu\/#breadcrumb","itemListElement":[{"@type":"ListItem","position":1,"name":"Portada","item":"https:\/\/www.visitgorliz.eus\/eu\/"},{"@type":"ListItem","position":2,"name":"HARPIDETU"}]},{"@type":"WebSite","@id":"https:\/\/www.visitgorliz.eus\/eu\/#website","url":"https:\/\/www.visitgorliz.eus\/eu\/","name":"Turismo Gorliz","description":"","publisher":{"@id":"https:\/\/www.visitgorliz.eus\/eu\/#organization"},"potentialAction":[{"@type":"SearchAction","target":{"@type":"EntryPoint","urlTemplate":"https:\/\/www.visitgorliz.eus\/eu\/?s={search_term_string}"},"query-input":{"@type":"PropertyValueSpecification","valueRequired":true,"valueName":"search_term_string"}}],"inLanguage":"eu-ES"},{"@type":"Organization","@id":"https:\/\/www.visitgorliz.eus\/eu\/#organization","name":"Turismo Gorliz","url":"https:\/\/www.visitgorliz.eus\/eu\/","logo":{"@type":"ImageObject","inLanguage":"eu-ES","@id":"https:\/\/www.visitgorliz.eus\/eu\/#\/schema\/logo\/image\/","url":"https:\/\/www.visitgorliz.eus\/wp-content\/uploads\/2023\/03\/logo-gorliz.png","contentUrl":"https:\/\/www.visitgorliz.eus\/wp-content\/uploads\/2023\/03\/logo-gorliz.png","width":199,"height":98,"caption":"Turismo Gorliz"},"image":{"@id":"https:\/\/www.visitgorliz.eus\/eu\/#\/schema\/logo\/image\/"},"sameAs":["https:\/\/www.facebook.com\/GorlizTurismo\/","https:\/\/x.com\/VisitGorliz","https:\/\/www.instagram.com\/visitgorliz_\/"]}]}},"featured_image_src":null,"featured_image_src_square":null,"_links":{"self":[{"href":"https:\/\/www.visitgorliz.eus\/eu\/wp-json\/wp\/v2\/pages\/32591","targetHints":{"allow":["GET"]}}],"collection":[{"href":"https:\/\/www.visitgorliz.eus\/eu\/wp-json\/wp\/v2\/pages"}],"about":[{"href":"https:\/\/www.visitgorliz.eus\/eu\/wp-json\/wp\/v2\/types\/page"}],"author":[{"embeddable":true,"href":"https:\/\/www.visitgorliz.eus\/eu\/wp-json\/wp\/v2\/users\/1"}],"replies":[{"embeddable":true,"href":"https:\/\/www.visitgorliz.eus\/eu\/wp-json\/wp\/v2\/comments?post=32591"}],"version-history":[{"count":11,"href":"https:\/\/www.visitgorliz.eus\/eu\/wp-json\/wp\/v2\/pages\/32591\/revisions"}],"predecessor-version":[{"id":41021,"href":"https:\/\/www.visitgorliz.eus\/eu\/wp-json\/wp\/v2\/pages\/32591\/revisions\/41021"}],"wp:attachment":[{"href":"https:\/\/www.visitgorliz.eus\/eu\/wp-json\/wp\/v2\/media?parent=32591"}],"curies":[{"name":"wp","href":"https:\/\/api.w.org\/{rel}","templated":true}]}}