{"id":32531,"date":"2023-03-09T02:05:33","date_gmt":"2023-03-09T00:05:33","guid":{"rendered":"https:\/\/www.visitgorliz.eus\/otros-servicios\/"},"modified":"2023-04-24T17:14:38","modified_gmt":"2023-04-24T15:14:38","slug":"services","status":"publish","type":"page","link":"https:\/\/www.visitgorliz.eus\/fr\/services\/","title":{"rendered":"SERVICES"},"content":{"rendered":"\n<!-- TODOS -->\n\n<div class=\"container_listado listado_todos\"> \n    <div class=\"wp-block-genesis-blocks-gb-columns gb-slate-section-feature-image-and-text-columns gb-slate-section-feature-image-columns gb-layout-columns-1 one-column gb-has-custom-background-color gb-has-custom-text-color gb-columns-center alignfull bloque_listado_personalizado\" style=\"padding-right:1em;padding-left:1em;padding-top:1em;padding-bottom:1em;background-color:#fff;color:#1f1f1f\">\n        <div class=\"gb-layout-column-wrap gb-block-layout-column-gap-1 gb-is-responsive-column\" style=\"max-width:1450px\">\n            <div class=\"wp-block-genesis-blocks-gb-column gb-block-layout-column\">\n                <div class=\"gb-block-layout-column-inner\">\n                    <div class=\"wp-block-genesis-blocks-gb-columns gb-layout-columns-3 gb-3-col-equal\">\n                                        \n                                <div class=\"gb-layout-column-wrap gb-block-layout-column-gap-3 gb-is-responsive-column\" style=\"padding-right:0em;padding-left:0em;\">\n                                            <!--- 1 bloque -->\n                                        <div class=\"wp-block-genesis-blocks-gb-column gb-block-layout-column card\" data-card=\"\" style=\"padding-top:1em;padding-bottom:1em;\">\n                                            <div class=\"gb-block-layout-column-inner\">\n                                                                                                <figure class=\"wp-block-image size-full has-custom-border is-style-image-image-zoom\"><img decoding=\"async\" width=\"500\" height=\"280\" data-src=\"https:\/\/www.visitgorliz.eus\/wp-content\/uploads\/2023\/03\/MG_9171.jpg\" alt=\"H\u00d4PITAL GORLIZ\" class=\"wp-image-23400 lazyload\" style=\"--smush-placeholder-width: 500px; --smush-placeholder-aspect-ratio: 500\/280;border-width:2px;border-radius:5px\" data-srcset=\"https:\/\/www.visitgorliz.eus\/wp-content\/uploads\/2023\/03\/MG_9171.jpg 500w, https:\/\/www.visitgorliz.eus\/wp-content\/uploads\/2023\/03\/MG_9171.jpg 300w\" data-sizes=\"auto, (max-width: 500px) 100vw, 500px\" src=\"data:image\/svg+xml;base64,PHN2ZyB3aWR0aD0iMSIgaGVpZ2h0PSIxIiB4bWxucz0iaHR0cDovL3d3dy53My5vcmcvMjAwMC9zdmciPjwvc3ZnPg==\">\n                                                <\/figure>\n                                                <h2 class=\"has-text-color\" style=\"color:#1f1f1f;font-size:26px;font-style:normal;font-weight:500\">\n                                                    <!--<a href=\"https:\/\/www.visitgorliz.eus\/fr\/service\/hopital-gorliz\/\" title=\"H\u00d4PITAL GORLIZ\">H\u00d4PITAL GORLIZ<\/a>-->\n                                                    H\u00d4PITAL GORLIZ                                                <\/h2>\n                                                <p>L\u2019h\u00f4pital de Gorliz est un h\u00f4pital subaigu (s\u00e9jours moyennes ou longes) de la reseau public d\u2019Osakidetza. L\u00e0, ils soignet toute la population Bizkaia.<\/p><br>                                                                                                    <div class=\"table-2columns\">                                                    \n                                                        <div class=\"columna1 grigora-kit-icon block-id-icon-1679775123216\">\n                                                            <a href=\"https:\/\/www.google.es\/maps\/place\/Hospital+de+Gorliz\/@43.4173329,-2.9465267,17z\/data=!4m12!1m6!3m5!1s0xd4e5d31d98e5051:0x5dbe204e33c65bda!2sHospital+de+Gorliz!8m2!3d43.4173329!4d-2.944338!3m4!1s0xd4e5d31d98e5051:0x5dbe204e33c65bda!8m2!3d43.4173329!4d-2.944338\" target=\"_blank\" rel=\"noopener\" class=\"button-link\" title=\"Comment y arriver\">\n                                                                <svg xmlns=\"http:\/\/www.w3.org\/2000\/svg\" width=\"16\" height=\"16\" fill=\"currentColor\" class=\"bi bi-geo-alt\" viewBox=\"0 0 16 16\">\n                                                                  <path d=\"M12.166 8.94c-.524 1.062-1.234 2.12-1.96 3.07A31.493 31.493 0 0 1 8 14.58a31.481 31.481 0 0 1-2.206-2.57c-.726-.95-1.436-2.008-1.96-3.07C3.304 7.867 3 6.862 3 6a5 5 0 0 1 10 0c0 .862-.305 1.867-.834 2.94zM8 16s6-5.686 6-10A6 6 0 0 0 2 6c0 4.314 6 10 6 10z\"><\/path>\n                                                                  <path d=\"M8 8a2 2 0 1 1 0-4 2 2 0 0 1 0 4zm0 1a3 3 0 1 0 0-6 3 3 0 0 0 0 6z\"><\/path>\n                                                                  <span class=\"wp-block-social-link-label screen-reader-text\">H\u00d4PITAL GORLIZ<\/span>\n                                                                <\/svg>\n                                                            <\/a>\n                                                        <\/div>\n                                                        <did class=\"columna2\">                                                        \n                                                            <a href=\"https:\/\/www.google.es\/maps\/place\/Hospital+de+Gorliz\/@43.4173329,-2.9465267,17z\/data=!4m12!1m6!3m5!1s0xd4e5d31d98e5051:0x5dbe204e33c65bda!2sHospital+de+Gorliz!8m2!3d43.4173329!4d-2.944338!3m4!1s0xd4e5d31d98e5051:0x5dbe204e33c65bda!8m2!3d43.4173329!4d-2.944338\" target=\"_blank\">Urezarantza ibiltokia, 1, 48630 Gorliz, Vizcaya<\/a>\n                                                                                                                        <br><br>\n                                                            <a href=\"tel:944 00 66 00\">944 00 66 00<\/a>\n                                                               \n                                                                                                                        <br><br>          \n                                                            <a href=\"https:\/\/www.osakidetza.euskadi.eus\/ataria\/\" target=\"_blank\">Osakidetza.eus<\/a>\n                                                                                                     \n                                                        <\/did>    \n                                                    <\/div>         \n                                                                                       \n                                            <\/div>\n                                        <\/div>\n                                        <!--- FIN 1 bloque -->  \n\n                                            <!--- 1 bloque -->\n                                        <div class=\"wp-block-genesis-blocks-gb-column gb-block-layout-column card\" data-card=\"\" style=\"padding-top:1em;padding-bottom:1em;\">\n                                            <div class=\"gb-block-layout-column-inner\">\n                                                                                                <figure class=\"wp-block-image size-full has-custom-border is-style-image-image-zoom\"><img decoding=\"async\" width=\"500\" height=\"280\" data-src=\"https:\/\/www.visitgorliz.eus\/wp-content\/uploads\/2023\/03\/polideportivo-gorliz.jpg\" alt=\"SALLE MULTISPORTS\" class=\"wp-image-23400 lazyload\" style=\"--smush-placeholder-width: 500px; --smush-placeholder-aspect-ratio: 500\/280;border-width:2px;border-radius:5px\" data-srcset=\"https:\/\/www.visitgorliz.eus\/wp-content\/uploads\/2023\/03\/polideportivo-gorliz.jpg 500w, https:\/\/www.visitgorliz.eus\/wp-content\/uploads\/2023\/03\/polideportivo-gorliz.jpg 300w\" data-sizes=\"auto, (max-width: 500px) 100vw, 500px\" src=\"data:image\/svg+xml;base64,PHN2ZyB3aWR0aD0iMSIgaGVpZ2h0PSIxIiB4bWxucz0iaHR0cDovL3d3dy53My5vcmcvMjAwMC9zdmciPjwvc3ZnPg==\">\n                                                <\/figure>\n                                                <h2 class=\"has-text-color\" style=\"color:#1f1f1f;font-size:26px;font-style:normal;font-weight:500\">\n                                                    <!--<a href=\"https:\/\/www.visitgorliz.eus\/fr\/service\/salle-multisports\/\" title=\"SALLE MULTISPORTS\">SALLE MULTISPORTS<\/a>-->\n                                                    SALLE MULTISPORTS                                                <\/h2>\n                                                <p>Installations sportives:<br \/>\r\n2 courts de tennis (pas de r\u00e9servation)<br \/>\r\n2 pistes de padel<\/p><br>                                                                                                    <div class=\"table-2columns\">                                                    \n                                                        <div class=\"columna1 grigora-kit-icon block-id-icon-1679775123216\">\n                                                            <a href=\"https:\/\/www.google.es\/maps\/place\/Campo+Gorliz\/@43.416926,-2.9386332,924m\/data=!3m1!1e3!4m8!1m2!2m1!1spolideportivo+de+Gorliz!3m4!1s0x0:0xf7b1b550aa82e41d!8m2!3d43.4188619!4d-2.9389226\" target=\"_blank\" rel=\"noopener\" class=\"button-link\" title=\"Comment y arriver\">\n                                                                <svg xmlns=\"http:\/\/www.w3.org\/2000\/svg\" width=\"16\" height=\"16\" fill=\"currentColor\" class=\"bi bi-geo-alt\" viewBox=\"0 0 16 16\">\n                                                                  <path d=\"M12.166 8.94c-.524 1.062-1.234 2.12-1.96 3.07A31.493 31.493 0 0 1 8 14.58a31.481 31.481 0 0 1-2.206-2.57c-.726-.95-1.436-2.008-1.96-3.07C3.304 7.867 3 6.862 3 6a5 5 0 0 1 10 0c0 .862-.305 1.867-.834 2.94zM8 16s6-5.686 6-10A6 6 0 0 0 2 6c0 4.314 6 10 6 10z\"><\/path>\n                                                                  <path d=\"M8 8a2 2 0 1 1 0-4 2 2 0 0 1 0 4zm0 1a3 3 0 1 0 0-6 3 3 0 0 0 0 6z\"><\/path>\n                                                                  <span class=\"wp-block-social-link-label screen-reader-text\">SALLE MULTISPORTS<\/span>\n                                                                <\/svg>\n                                                            <\/a>\n                                                        <\/div>\n                                                        <did class=\"columna2\">                                                        \n                                                            <a href=\"https:\/\/www.google.es\/maps\/place\/Campo+Gorliz\/@43.416926,-2.9386332,924m\/data=!3m1!1e3!4m8!1m2!2m1!1spolideportivo+de+Gorliz!3m4!1s0x0:0xf7b1b550aa82e41d!8m2!3d43.4188619!4d-2.9389226\" target=\"_blank\">Paseo Urezarantza, 9G<\/a>\n                                                                                                                        <br><br>\n                                                            <a href=\"tel:946 774 000\">946 774 000<\/a>\n                                                               \n                                                                                                                        <br><br>          \n                                                            <a href=\"https:\/\/erreserbak.gorliz.net\/\" target=\"_blank\">R\u00e9servations<\/a>\n                                                                                                     \n                                                        <\/did>    \n                                                    <\/div>         \n                                                                                       \n                                            <\/div>\n                                        <\/div>\n                                        <!--- FIN 1 bloque -->  \n\n                                            <!--- 1 bloque -->\n                                        <div class=\"wp-block-genesis-blocks-gb-column gb-block-layout-column card\" data-card=\"\" style=\"padding-top:1em;padding-bottom:1em;\">\n                                            <div class=\"gb-block-layout-column-inner\">\n                                                                                                <figure class=\"wp-block-image size-full has-custom-border is-style-image-image-zoom\"><img decoding=\"async\" width=\"500\" height=\"280\" data-src=\"https:\/\/www.visitgorliz.eus\/wp-content\/uploads\/2024\/09\/centro-de-salud.jpeg\" alt=\"CENTRE DE SANT\u00c9 DE GORLIZ\" class=\"wp-image-23400 lazyload\" style=\"--smush-placeholder-width: 500px; --smush-placeholder-aspect-ratio: 500\/280;border-width:2px;border-radius:5px\" data-srcset=\"https:\/\/www.visitgorliz.eus\/wp-content\/uploads\/2024\/09\/centro-de-salud.jpeg 500w, https:\/\/www.visitgorliz.eus\/wp-content\/uploads\/2024\/09\/centro-de-salud.jpeg 300w\" data-sizes=\"auto, (max-width: 500px) 100vw, 500px\" src=\"data:image\/svg+xml;base64,PHN2ZyB3aWR0aD0iMSIgaGVpZ2h0PSIxIiB4bWxucz0iaHR0cDovL3d3dy53My5vcmcvMjAwMC9zdmciPjwvc3ZnPg==\">\n                                                <\/figure>\n                                                <h2 class=\"has-text-color\" style=\"color:#1f1f1f;font-size:26px;font-style:normal;font-weight:500\">\n                                                    <!--<a href=\"https:\/\/www.visitgorliz.eus\/fr\/service\/centre-de-sante-de-gorliz\/\" title=\"CENTRE DE SANT\u00c9 DE GORLIZ\">CENTRE DE SANT\u00c9 DE GORLIZ<\/a>-->\n                                                    CENTRE DE SANT\u00c9 DE GORLIZ                                                <\/h2>\n                                                <p>Du lundi au vendredi de 08:00-15:00<br \/>\r\nURGENCES<br \/>\r\n94 6773461<br \/>\r\nDu lundi au vendredi: 15:00-24:00<br \/>\r\nSamedis, dimanches et jours f\u00e9ri\u00e9s: 09:00-24:00<\/p><br>                                                                                                    <div class=\"table-2columns\">                                                    \n                                                        <div class=\"columna1 grigora-kit-icon block-id-icon-1679775123216\">\n                                                            <a href=\"https:\/\/www.google.com\/maps\/place\/Centro+de+Salud+de+Gorliz\/@43.4137064,-2.9370307,815m\/data=!3m2!1e3!4b1!4m6!3m5!1s0xd4e42d397fcd763:0x31234bce1b900da9!8m2!3d43.4137064!4d-2.9344558!16s%2Fg%2F11clycr6ck?entry=ttu&#038;g_ep=EgoyMDI0MDkxMC4wIKXMDSoASAFQAw%3D%3D\" target=\"_blank\" rel=\"noopener\" class=\"button-link\" title=\"Comment y arriver\">\n                                                                <svg xmlns=\"http:\/\/www.w3.org\/2000\/svg\" width=\"16\" height=\"16\" fill=\"currentColor\" class=\"bi bi-geo-alt\" viewBox=\"0 0 16 16\">\n                                                                  <path d=\"M12.166 8.94c-.524 1.062-1.234 2.12-1.96 3.07A31.493 31.493 0 0 1 8 14.58a31.481 31.481 0 0 1-2.206-2.57c-.726-.95-1.436-2.008-1.96-3.07C3.304 7.867 3 6.862 3 6a5 5 0 0 1 10 0c0 .862-.305 1.867-.834 2.94zM8 16s6-5.686 6-10A6 6 0 0 0 2 6c0 4.314 6 10 6 10z\"><\/path>\n                                                                  <path d=\"M8 8a2 2 0 1 1 0-4 2 2 0 0 1 0 4zm0 1a3 3 0 1 0 0-6 3 3 0 0 0 0 6z\"><\/path>\n                                                                  <span class=\"wp-block-social-link-label screen-reader-text\">CENTRE DE SANT\u00c9 DE GORLIZ<\/span>\n                                                                <\/svg>\n                                                            <\/a>\n                                                        <\/div>\n                                                        <did class=\"columna2\">                                                        \n                                                            <a href=\"https:\/\/www.google.com\/maps\/place\/Centro+de+Salud+de+Gorliz\/@43.4137064,-2.9370307,815m\/data=!3m2!1e3!4b1!4m6!3m5!1s0xd4e42d397fcd763:0x31234bce1b900da9!8m2!3d43.4137064!4d-2.9344558!16s%2Fg%2F11clycr6ck?entry=ttu&#038;g_ep=EgoyMDI0MDkxMC4wIKXMDSoASAFQAw%3D%3D\" target=\"_blank\">Jose Antonio Agirre Enparantza Plaza, 1<\/a>\n                                                                                                                        <br><br>\n                                                            <a href=\"tel:946773461\">946773461<\/a>\n                                                               \n                                                                                                                        <br><br>          \n                                                            <a href=\"https:\/\/www.osakidetza.euskadi.eus\/centro-de-salud-de-gorliz\/webosk00-cercon\/es\/\" target=\"_blank\">Centre de sant\u00e9 de Gorliz<\/a>\n                                                                                                     \n                                                        <\/did>    \n                                                    <\/div>         \n                                                                                       \n                                            <\/div>\n                                        <\/div>\n                                        <!--- FIN 1 bloque -->  \n\n                                            <\/div>\n                                \n                            \n                                                \n                                <div class=\"gb-layout-column-wrap gb-block-layout-column-gap-3 gb-is-responsive-column\" style=\"padding-right:0em;padding-left:0em;\">\n                                            <!--- 1 bloque -->\n                                        <div class=\"wp-block-genesis-blocks-gb-column gb-block-layout-column card\" data-card=\"\" style=\"padding-top:1em;padding-bottom:1em;\">\n                                            <div class=\"gb-block-layout-column-inner\">\n                                                                                                <figure class=\"wp-block-image size-full has-custom-border is-style-image-image-zoom\"><img decoding=\"async\" width=\"500\" height=\"280\" data-src=\"https:\/\/www.visitgorliz.eus\/wp-content\/uploads\/2023\/03\/ayuntamiento-gorliz.jpg\" alt=\"MAIRIE\" class=\"wp-image-23400 lazyload\" style=\"--smush-placeholder-width: 500px; --smush-placeholder-aspect-ratio: 500\/280;border-width:2px;border-radius:5px\" data-srcset=\"https:\/\/www.visitgorliz.eus\/wp-content\/uploads\/2023\/03\/ayuntamiento-gorliz.jpg 500w, https:\/\/www.visitgorliz.eus\/wp-content\/uploads\/2023\/03\/ayuntamiento-gorliz.jpg 300w\" data-sizes=\"auto, (max-width: 500px) 100vw, 500px\" src=\"data:image\/svg+xml;base64,PHN2ZyB3aWR0aD0iMSIgaGVpZ2h0PSIxIiB4bWxucz0iaHR0cDovL3d3dy53My5vcmcvMjAwMC9zdmciPjwvc3ZnPg==\">\n                                                <\/figure>\n                                                <h2 class=\"has-text-color\" style=\"color:#1f1f1f;font-size:26px;font-style:normal;font-weight:500\">\n                                                    <!--<a href=\"https:\/\/www.visitgorliz.eus\/fr\/service\/mairie\/\" title=\"MAIRIE\">MAIRIE<\/a>-->\n                                                    MAIRIE                                                <\/h2>\n                                                <p>Toute l\u2019information sur les services municipaux offerts aux r\u00e9sidents et aux visiteurs est disponible \u00e0 la mairie.<\/p><br>                                                                                                    <div class=\"table-2columns\">                                                    \n                                                        <div class=\"columna1 grigora-kit-icon block-id-icon-1679775123216\">\n                                                            <a href=\"https:\/\/www.google.es\/maps\/place\/Ayuntamiento+De+GORLIZko+Udaletxea\/@43.415401,-2.9326815,17z\/data=!3m1!4b1!4m6!3m5!1s0xd4e42d229b51423:0x8a86378cb6ddad5b!8m2!3d43.415401!4d-2.9326815!16s%2Fg%2F11btmq9lpc\" target=\"_blank\" rel=\"noopener\" class=\"button-link\" title=\"Comment y arriver\">\n                                                                <svg xmlns=\"http:\/\/www.w3.org\/2000\/svg\" width=\"16\" height=\"16\" fill=\"currentColor\" class=\"bi bi-geo-alt\" viewBox=\"0 0 16 16\">\n                                                                  <path d=\"M12.166 8.94c-.524 1.062-1.234 2.12-1.96 3.07A31.493 31.493 0 0 1 8 14.58a31.481 31.481 0 0 1-2.206-2.57c-.726-.95-1.436-2.008-1.96-3.07C3.304 7.867 3 6.862 3 6a5 5 0 0 1 10 0c0 .862-.305 1.867-.834 2.94zM8 16s6-5.686 6-10A6 6 0 0 0 2 6c0 4.314 6 10 6 10z\"><\/path>\n                                                                  <path d=\"M8 8a2 2 0 1 1 0-4 2 2 0 0 1 0 4zm0 1a3 3 0 1 0 0-6 3 3 0 0 0 0 6z\"><\/path>\n                                                                  <span class=\"wp-block-social-link-label screen-reader-text\">MAIRIE<\/span>\n                                                                <\/svg>\n                                                            <\/a>\n                                                        <\/div>\n                                                        <did class=\"columna2\">                                                        \n                                                            <a href=\"https:\/\/www.google.es\/maps\/place\/Ayuntamiento+De+GORLIZko+Udaletxea\/@43.415401,-2.9326815,17z\/data=!3m1!4b1!4m6!3m5!1s0xd4e42d229b51423:0x8a86378cb6ddad5b!8m2!3d43.415401!4d-2.9326815!16s%2Fg%2F11btmq9lpc\" target=\"_blank\">Eliza Enparantza Plaza, s\/n<\/a>\n                                                                                                                        <br><br>\n                                                            <a href=\"tel:946 770 193\">946 770 193<\/a>\n                                                               \n                                                                                                                        <br><br>          \n                                                            <a href=\"https:\/\/www.gorliz.eus\/eu-ES\/Orriak\/default.aspx\" target=\"_blank\">www.gorliz.eu<\/a>\n                                                                                                     \n                                                        <\/did>    \n                                                    <\/div>         \n                                                                                       \n                                            <\/div>\n                                        <\/div>\n                                        <!--- FIN 1 bloque -->  \n\n                                            <!--- 1 bloque -->\n                                        <div class=\"wp-block-genesis-blocks-gb-column gb-block-layout-column card\" data-card=\"\" style=\"padding-top:1em;padding-bottom:1em;\">\n                                            <div class=\"gb-block-layout-column-inner\">\n                                                                                                <figure class=\"wp-block-image size-full has-custom-border is-style-image-image-zoom\"><img decoding=\"async\" width=\"500\" height=\"280\" data-src=\"https:\/\/www.visitgorliz.eus\/wp-content\/uploads\/2023\/03\/hospital_urduliz.jpg\" alt=\"H\u00d4PITAL URDULIZ\" class=\"wp-image-23400 lazyload\" style=\"--smush-placeholder-width: 500px; --smush-placeholder-aspect-ratio: 500\/280;border-width:2px;border-radius:5px\" data-srcset=\"https:\/\/www.visitgorliz.eus\/wp-content\/uploads\/2023\/03\/hospital_urduliz.jpg 500w, https:\/\/www.visitgorliz.eus\/wp-content\/uploads\/2023\/03\/hospital_urduliz.jpg 300w\" data-sizes=\"auto, (max-width: 500px) 100vw, 500px\" src=\"data:image\/svg+xml;base64,PHN2ZyB3aWR0aD0iMSIgaGVpZ2h0PSIxIiB4bWxucz0iaHR0cDovL3d3dy53My5vcmcvMjAwMC9zdmciPjwvc3ZnPg==\">\n                                                <\/figure>\n                                                <h2 class=\"has-text-color\" style=\"color:#1f1f1f;font-size:26px;font-style:normal;font-weight:500\">\n                                                    <!--<a href=\"https:\/\/www.visitgorliz.eus\/fr\/service\/hopital-urduliz\/\" title=\"H\u00d4PITAL URDULIZ\">H\u00d4PITAL URDULIZ<\/a>-->\n                                                    H\u00d4PITAL URDULIZ                                                <\/h2>\n                                                <p>C\u2019est l\u2019h\u00f4pital de r\u00e9f\u00e9rence pour la population de Gorliz.<\/p><br>                                                                                                    <div class=\"table-2columns\">                                                    \n                                                        <div class=\"columna1 grigora-kit-icon block-id-icon-1679775123216\">\n                                                            <a href=\"https:\/\/www.google.es\/maps\/place\/Hospital+Alfredo+espinosa\/@43.3753443,-2.9637584,17z\/data=!3m1!4b1!4m5!3m4!1s0xd4e5c9973f1515d:0x7cddf7691c027c62!8m2!3d43.3753443!4d-2.9615644?shorturl=1\" target=\"_blank\" rel=\"noopener\" class=\"button-link\" title=\"Comment y arriver\">\n                                                                <svg xmlns=\"http:\/\/www.w3.org\/2000\/svg\" width=\"16\" height=\"16\" fill=\"currentColor\" class=\"bi bi-geo-alt\" viewBox=\"0 0 16 16\">\n                                                                  <path d=\"M12.166 8.94c-.524 1.062-1.234 2.12-1.96 3.07A31.493 31.493 0 0 1 8 14.58a31.481 31.481 0 0 1-2.206-2.57c-.726-.95-1.436-2.008-1.96-3.07C3.304 7.867 3 6.862 3 6a5 5 0 0 1 10 0c0 .862-.305 1.867-.834 2.94zM8 16s6-5.686 6-10A6 6 0 0 0 2 6c0 4.314 6 10 6 10z\"><\/path>\n                                                                  <path d=\"M8 8a2 2 0 1 1 0-4 2 2 0 0 1 0 4zm0 1a3 3 0 1 0 0-6 3 3 0 0 0 0 6z\"><\/path>\n                                                                  <span class=\"wp-block-social-link-label screen-reader-text\">H\u00d4PITAL URDULIZ<\/span>\n                                                                <\/svg>\n                                                            <\/a>\n                                                        <\/div>\n                                                        <did class=\"columna2\">                                                        \n                                                            <a href=\"https:\/\/www.google.es\/maps\/place\/Hospital+Alfredo+espinosa\/@43.3753443,-2.9637584,17z\/data=!3m1!4b1!4m5!3m4!1s0xd4e5c9973f1515d:0x7cddf7691c027c62!8m2!3d43.3753443!4d-2.9615644?shorturl=1\" target=\"_blank\">Goieta Kalea, 16, 48610 Urduliz, Bizkaia<\/a>\n                                                                                                                        <br><br>\n                                                            <a href=\"tel:946 13 48 00\">946 13 48 00<\/a>\n                                                               \n                                                                                                                        <br><br>          \n                                                            <a href=\"https:\/\/www.osakidetza.euskadi.eus\/ataria\/\" target=\"_blank\">Osakidetza.eus<\/a>\n                                                                                                     \n                                                        <\/did>    \n                                                    <\/div>         \n                                                                                       \n                                            <\/div>\n                                        <\/div>\n                                        <!--- FIN 1 bloque -->  \n\n                                            <!--- 1 bloque -->\n                                        <div class=\"wp-block-genesis-blocks-gb-column gb-block-layout-column card\" data-card=\"\" style=\"padding-top:1em;padding-bottom:1em;\">\n                                            <div class=\"gb-block-layout-column-inner\">\n                                                                                                <figure class=\"wp-block-image size-full has-custom-border is-style-image-image-zoom\"><img decoding=\"async\" width=\"500\" height=\"280\" data-src=\"https:\/\/www.visitgorliz.eus\/wp-content\/uploads\/2023\/03\/biblioteca-gorliz.jpg\" alt=\"BIBLIOTH\u00c8QUE\" class=\"wp-image-23400 lazyload\" style=\"--smush-placeholder-width: 500px; --smush-placeholder-aspect-ratio: 500\/280;border-width:2px;border-radius:5px\" data-srcset=\"https:\/\/www.visitgorliz.eus\/wp-content\/uploads\/2023\/03\/biblioteca-gorliz.jpg 500w, https:\/\/www.visitgorliz.eus\/wp-content\/uploads\/2023\/03\/biblioteca-gorliz.jpg 300w\" data-sizes=\"auto, (max-width: 500px) 100vw, 500px\" src=\"data:image\/svg+xml;base64,PHN2ZyB3aWR0aD0iMSIgaGVpZ2h0PSIxIiB4bWxucz0iaHR0cDovL3d3dy53My5vcmcvMjAwMC9zdmciPjwvc3ZnPg==\">\n                                                <\/figure>\n                                                <h2 class=\"has-text-color\" style=\"color:#1f1f1f;font-size:26px;font-style:normal;font-weight:500\">\n                                                    <!--<a href=\"https:\/\/www.visitgorliz.eus\/fr\/service\/bibliotheque\/\" title=\"BIBLIOTH\u00c8QUE\">BIBLIOTH\u00c8QUE<\/a>-->\n                                                    BIBLIOTH\u00c8QUE                                                <\/h2>\n                                                <p>Pr\u00eat de livres sous format papier ou \u00e9lectronique.<br \/>\r\n<br \/>\r\nEn \u00e9t\u00e9: de lundi au vendredi de 8:15 \u00e0 14:00<br \/>\r\n<br \/>\r\n<\/p><br>                                                                                                    <div class=\"table-2columns\">                                                    \n                                                        <div class=\"columna1 grigora-kit-icon block-id-icon-1679775123216\">\n                                                            <a href=\"https:\/\/www.google.com\/maps\/place\/Gorliz+Biblioteka\/@43.4132628,-2.9374103,49m\/data=!3m1!1e3!4m14!1m7!3m6!1s0xd4e42d6d4dafa45:0xde3ba5086780e619!2sGorliz+Biblioteka!8m2!3d43.4133354!4d-2.9376358!16s%2Fg%2F1q5ccgwx4!3m5!1s0xd4e42d6d4dafa45:0xde3ba5086780e619!8m2!3d43.4133354!4d-2.9376358!16s%2Fg%2F1q5ccgwx4?entry=ttu&#038;g_ep=EgoyMDI2MDgwNS4xIKXMDSoASAFQAw%3D%3D\" target=\"_blank\" rel=\"noopener\" class=\"button-link\" title=\"Comment y arriver\">\n                                                                <svg xmlns=\"http:\/\/www.w3.org\/2000\/svg\" width=\"16\" height=\"16\" fill=\"currentColor\" class=\"bi bi-geo-alt\" viewBox=\"0 0 16 16\">\n                                                                  <path d=\"M12.166 8.94c-.524 1.062-1.234 2.12-1.96 3.07A31.493 31.493 0 0 1 8 14.58a31.481 31.481 0 0 1-2.206-2.57c-.726-.95-1.436-2.008-1.96-3.07C3.304 7.867 3 6.862 3 6a5 5 0 0 1 10 0c0 .862-.305 1.867-.834 2.94zM8 16s6-5.686 6-10A6 6 0 0 0 2 6c0 4.314 6 10 6 10z\"><\/path>\n                                                                  <path d=\"M8 8a2 2 0 1 1 0-4 2 2 0 0 1 0 4zm0 1a3 3 0 1 0 0-6 3 3 0 0 0 0 6z\"><\/path>\n                                                                  <span class=\"wp-block-social-link-label screen-reader-text\">BIBLIOTH\u00c8QUE<\/span>\n                                                                <\/svg>\n                                                            <\/a>\n                                                        <\/div>\n                                                        <did class=\"columna2\">                                                        \n                                                            <a href=\"https:\/\/www.google.com\/maps\/place\/Gorliz+Biblioteka\/@43.4132628,-2.9374103,49m\/data=!3m1!1e3!4m14!1m7!3m6!1s0xd4e42d6d4dafa45:0xde3ba5086780e619!2sGorliz+Biblioteka!8m2!3d43.4133354!4d-2.9376358!16s%2Fg%2F1q5ccgwx4!3m5!1s0xd4e42d6d4dafa45:0xde3ba5086780e619!8m2!3d43.4133354!4d-2.9376358!16s%2Fg%2F1q5ccgwx4?entry=ttu&#038;g_ep=EgoyMDI2MDgwNS4xIKXMDSoASAFQAw%3D%3D\" target=\"_blank\">Eloisa Artaza, 1, 48630 Gorliz, Bizkaia<\/a>\n                                                                                                                        <br><br>\n                                                            <a href=\"tel:946 77 40 00\">946 77 40 00<\/a>\n                                                               \n                                                                                                     \n                                                        <\/did>    \n                                                    <\/div>         \n                                                                                       \n                                            <\/div>\n                                        <\/div>\n                                        <!--- FIN 1 bloque -->  \n\n                                            <\/div>\n                                \n                            \n                                                \n                                <div class=\"gb-layout-column-wrap gb-block-layout-column-gap-3 gb-is-responsive-column\" style=\"padding-right:0em;padding-left:0em;\">\n                                            <!--- 1 bloque -->\n                                        <div class=\"wp-block-genesis-blocks-gb-column gb-block-layout-column card\" data-card=\"\" style=\"padding-top:1em;padding-bottom:1em;\">\n                                            <div class=\"gb-block-layout-column-inner\">\n                                                                                                <figure class=\"wp-block-image size-full has-custom-border is-style-image-image-zoom\"><img decoding=\"async\" width=\"500\" height=\"280\" data-src=\"https:\/\/www.visitgorliz.eus\/wp-content\/uploads\/2023\/03\/Itsasbide-5-Farmacia-2.jpg\" alt=\"TERESA ANSOLEAGA PHARMACIE\" class=\"wp-image-23400 lazyload\" style=\"--smush-placeholder-width: 500px; --smush-placeholder-aspect-ratio: 500\/280;border-width:2px;border-radius:5px\" data-srcset=\"https:\/\/www.visitgorliz.eus\/wp-content\/uploads\/2023\/03\/Itsasbide-5-Farmacia-2.jpg 500w, https:\/\/www.visitgorliz.eus\/wp-content\/uploads\/2023\/03\/Itsasbide-5-Farmacia-2.jpg 300w\" data-sizes=\"auto, (max-width: 500px) 100vw, 500px\" src=\"data:image\/svg+xml;base64,PHN2ZyB3aWR0aD0iMSIgaGVpZ2h0PSIxIiB4bWxucz0iaHR0cDovL3d3dy53My5vcmcvMjAwMC9zdmciPjwvc3ZnPg==\">\n                                                <\/figure>\n                                                <h2 class=\"has-text-color\" style=\"color:#1f1f1f;font-size:26px;font-style:normal;font-weight:500\">\n                                                    <!--<a href=\"https:\/\/www.visitgorliz.eus\/fr\/service\/teresa-ansoleaga-pharmacie\/\" title=\"TERESA ANSOLEAGA PHARMACIE\">TERESA ANSOLEAGA PHARMACIE<\/a>-->\n                                                    TERESA ANSOLEAGA PHARMACIE                                                <\/h2>\n                                                <p>De lundi \u00e0 samedi: 9:00-22:00<\/p><br>                                                                                                    <div class=\"table-2columns\">                                                    \n                                                        <div class=\"columna1 grigora-kit-icon block-id-icon-1679775123216\">\n                                                            <a href=\"https:\/\/www.google.es\/maps\/place\/Farmacia\/@43.414333,-2.9337467,18z\/data=!4m8!1m2!2m1!1sfarmacias+!3m4!1s0x0:0xbc19536830549fac!8m2!3d43.4148884!4d-2.9329808?shorturl=1\" target=\"_blank\" rel=\"noopener\" class=\"button-link\" title=\"Comment y arriver\">\n                                                                <svg xmlns=\"http:\/\/www.w3.org\/2000\/svg\" width=\"16\" height=\"16\" fill=\"currentColor\" class=\"bi bi-geo-alt\" viewBox=\"0 0 16 16\">\n                                                                  <path d=\"M12.166 8.94c-.524 1.062-1.234 2.12-1.96 3.07A31.493 31.493 0 0 1 8 14.58a31.481 31.481 0 0 1-2.206-2.57c-.726-.95-1.436-2.008-1.96-3.07C3.304 7.867 3 6.862 3 6a5 5 0 0 1 10 0c0 .862-.305 1.867-.834 2.94zM8 16s6-5.686 6-10A6 6 0 0 0 2 6c0 4.314 6 10 6 10z\"><\/path>\n                                                                  <path d=\"M8 8a2 2 0 1 1 0-4 2 2 0 0 1 0 4zm0 1a3 3 0 1 0 0-6 3 3 0 0 0 0 6z\"><\/path>\n                                                                  <span class=\"wp-block-social-link-label screen-reader-text\">TERESA ANSOLEAGA PHARMACIE<\/span>\n                                                                <\/svg>\n                                                            <\/a>\n                                                        <\/div>\n                                                        <did class=\"columna2\">                                                        \n                                                            <a href=\"https:\/\/www.google.es\/maps\/place\/Farmacia\/@43.414333,-2.9337467,18z\/data=!4m8!1m2!2m1!1sfarmacias+!3m4!1s0x0:0xbc19536830549fac!8m2!3d43.4148884!4d-2.9329808?shorturl=1\" target=\"_blank\">Itsasbide Kalea, 5, 48630 Gorliz, Bizkaia<\/a>\n                                                                                                                        <br><br>\n                                                            <a href=\"tel:94 677 54 52\">94 677 54 52<\/a>\n                                                               \n                                                                                                     \n                                                        <\/did>    \n                                                    <\/div>         \n                                                                                       \n                                            <\/div>\n                                        <\/div>\n                                        <!--- FIN 1 bloque -->  \n\n                                            <!--- 1 bloque -->\n                                        <div class=\"wp-block-genesis-blocks-gb-column gb-block-layout-column card\" data-card=\"\" style=\"padding-top:1em;padding-bottom:1em;\">\n                                            <div class=\"gb-block-layout-column-inner\">\n                                                                                                <figure class=\"wp-block-image size-full has-custom-border is-style-image-image-zoom\"><img decoding=\"async\" width=\"500\" height=\"280\" data-src=\"https:\/\/www.visitgorliz.eus\/wp-content\/uploads\/2023\/03\/farmacia-romero.jpg\" alt=\"ANDRACA PHARMACIE\" class=\"wp-image-23400 lazyload\" style=\"--smush-placeholder-width: 500px; --smush-placeholder-aspect-ratio: 500\/280;border-width:2px;border-radius:5px\" data-srcset=\"https:\/\/www.visitgorliz.eus\/wp-content\/uploads\/2023\/03\/farmacia-romero.jpg 500w, https:\/\/www.visitgorliz.eus\/wp-content\/uploads\/2023\/03\/farmacia-romero.jpg 300w\" data-sizes=\"auto, (max-width: 500px) 100vw, 500px\" src=\"data:image\/svg+xml;base64,PHN2ZyB3aWR0aD0iMSIgaGVpZ2h0PSIxIiB4bWxucz0iaHR0cDovL3d3dy53My5vcmcvMjAwMC9zdmciPjwvc3ZnPg==\">\n                                                <\/figure>\n                                                <h2 class=\"has-text-color\" style=\"color:#1f1f1f;font-size:26px;font-style:normal;font-weight:500\">\n                                                    <!--<a href=\"https:\/\/www.visitgorliz.eus\/fr\/service\/andraca-pharmacie\/\" title=\"ANDRACA PHARMACIE\">ANDRACA PHARMACIE<\/a>-->\n                                                    ANDRACA PHARMACIE                                                <\/h2>\n                                                <p><p class=\"Prrafodelista1CxSpFirst\">De lundi \u00e0 vendredi: 9:00-13:45 et 16:00-20:15<\/p><br \/>\r\n<p class=\"Prrafodelista1CxSpLast\">Samedi: 9:00-13:45<\/p><\/p><br>                                                                                                    <div class=\"table-2columns\">                                                    \n                                                        <div class=\"columna1 grigora-kit-icon block-id-icon-1679775123216\">\n                                                            <a href=\"https:\/\/www.google.es\/maps\/place\/Farmacia+Romero\/@43.4135614,-2.936201,16z\/data=!4m8!1m2!2m1!1sfarmacias+!3m4!1s0x0:0xba989a6177c2eb8e!8m2!3d43.413395!4d-2.9364556?shorturl=1\" target=\"_blank\" rel=\"noopener\" class=\"button-link\" title=\"Comment y arriver\">\n                                                                <svg xmlns=\"http:\/\/www.w3.org\/2000\/svg\" width=\"16\" height=\"16\" fill=\"currentColor\" class=\"bi bi-geo-alt\" viewBox=\"0 0 16 16\">\n                                                                  <path d=\"M12.166 8.94c-.524 1.062-1.234 2.12-1.96 3.07A31.493 31.493 0 0 1 8 14.58a31.481 31.481 0 0 1-2.206-2.57c-.726-.95-1.436-2.008-1.96-3.07C3.304 7.867 3 6.862 3 6a5 5 0 0 1 10 0c0 .862-.305 1.867-.834 2.94zM8 16s6-5.686 6-10A6 6 0 0 0 2 6c0 4.314 6 10 6 10z\"><\/path>\n                                                                  <path d=\"M8 8a2 2 0 1 1 0-4 2 2 0 0 1 0 4zm0 1a3 3 0 1 0 0-6 3 3 0 0 0 0 6z\"><\/path>\n                                                                  <span class=\"wp-block-social-link-label screen-reader-text\">ANDRACA PHARMACIE<\/span>\n                                                                <\/svg>\n                                                            <\/a>\n                                                        <\/div>\n                                                        <did class=\"columna2\">                                                        \n                                                            <a href=\"https:\/\/www.google.es\/maps\/place\/Farmacia+Romero\/@43.4135614,-2.936201,16z\/data=!4m8!1m2!2m1!1sfarmacias+!3m4!1s0x0:0xba989a6177c2eb8e!8m2!3d43.413395!4d-2.9364556?shorturl=1\" target=\"_blank\">Itsasbide 30 bajo, 48630 Gorliz, Bizkaia<\/a>\n                                                                                                                        <br><br>\n                                                            <a href=\"tel:946 12 89 41\">946 12 89 41<\/a>\n                                                               \n                                                                                                     \n                                                        <\/did>    \n                                                    <\/div>         \n                                                                                       \n                                            <\/div>\n                                        <\/div>\n                                        <!--- FIN 1 bloque -->  \n\n                                            <!--- 1 bloque -->\n                                        <div class=\"wp-block-genesis-blocks-gb-column gb-block-layout-column card\" data-card=\"\" style=\"padding-top:1em;padding-bottom:1em;\">\n                                            <div class=\"gb-block-layout-column-inner\">\n                                                                                                <figure class=\"wp-block-image size-full has-custom-border is-style-image-image-zoom\"><img decoding=\"async\" width=\"500\" height=\"280\" data-src=\"https:\/\/www.visitgorliz.eus\/wp-content\/uploads\/2023\/05\/Inmobiliaria-garar.jpg\" alt=\"IMMOBILIER GARAR\" class=\"wp-image-23400 lazyload\" style=\"--smush-placeholder-width: 500px; --smush-placeholder-aspect-ratio: 500\/280;border-width:2px;border-radius:5px\" data-srcset=\"https:\/\/www.visitgorliz.eus\/wp-content\/uploads\/2023\/05\/Inmobiliaria-garar.jpg 500w, https:\/\/www.visitgorliz.eus\/wp-content\/uploads\/2023\/05\/Inmobiliaria-garar.jpg 300w\" data-sizes=\"auto, (max-width: 500px) 100vw, 500px\" src=\"data:image\/svg+xml;base64,PHN2ZyB3aWR0aD0iMSIgaGVpZ2h0PSIxIiB4bWxucz0iaHR0cDovL3d3dy53My5vcmcvMjAwMC9zdmciPjwvc3ZnPg==\">\n                                                <\/figure>\n                                                <h2 class=\"has-text-color\" style=\"color:#1f1f1f;font-size:26px;font-style:normal;font-weight:500\">\n                                                    <!--<a href=\"https:\/\/www.visitgorliz.eus\/fr\/service\/immobilier-garar\/\" title=\"IMMOBILIER GARAR\">IMMOBILIER GARAR<\/a>-->\n                                                    IMMOBILIER GARAR                                                <\/h2>\n                                                <p>Inmobiliaria Garar \u00e0 Gorliz, vente et location d\u2018appartements, chalets, maisons longues, pavillons et terrains, nous disposons d\u2018un large portefeuille dans toute la r\u00e9gion d\u2018Uribe Kosta.<\/p><br>                                                                                                    <div class=\"table-2columns\">                                                    \n                                                        <div class=\"columna1 grigora-kit-icon block-id-icon-1679775123216\">\n                                                            <a href=\"https:\/\/www.google.com\/maps\/place\/Calle+Itsasbide,+40,+48630+G%C3%B3rliz,+Vizcaya\/@43.4129495,-2.9386084,17z\/data=!3m1!4b1!4m6!3m5!1s0xd4e5d2ca31a7c61:0x45f352e38c8a5fb7!8m2!3d43.4129495!4d-2.9386084!16s%2Fg%2F11c5jgsh0j\" target=\"_blank\" rel=\"noopener\" class=\"button-link\" title=\"Comment y arriver\">\n                                                                <svg xmlns=\"http:\/\/www.w3.org\/2000\/svg\" width=\"16\" height=\"16\" fill=\"currentColor\" class=\"bi bi-geo-alt\" viewBox=\"0 0 16 16\">\n                                                                  <path d=\"M12.166 8.94c-.524 1.062-1.234 2.12-1.96 3.07A31.493 31.493 0 0 1 8 14.58a31.481 31.481 0 0 1-2.206-2.57c-.726-.95-1.436-2.008-1.96-3.07C3.304 7.867 3 6.862 3 6a5 5 0 0 1 10 0c0 .862-.305 1.867-.834 2.94zM8 16s6-5.686 6-10A6 6 0 0 0 2 6c0 4.314 6 10 6 10z\"><\/path>\n                                                                  <path d=\"M8 8a2 2 0 1 1 0-4 2 2 0 0 1 0 4zm0 1a3 3 0 1 0 0-6 3 3 0 0 0 0 6z\"><\/path>\n                                                                  <span class=\"wp-block-social-link-label screen-reader-text\">IMMOBILIER GARAR<\/span>\n                                                                <\/svg>\n                                                            <\/a>\n                                                        <\/div>\n                                                        <did class=\"columna2\">                                                        \n                                                            <a href=\"https:\/\/www.google.com\/maps\/place\/Calle+Itsasbide,+40,+48630+G%C3%B3rliz,+Vizcaya\/@43.4129495,-2.9386084,17z\/data=!3m1!4b1!4m6!3m5!1s0xd4e5d2ca31a7c61:0x45f352e38c8a5fb7!8m2!3d43.4129495!4d-2.9386084!16s%2Fg%2F11c5jgsh0j\" target=\"_blank\">Itsasbide Kalea, 40<\/a>\n                                                                                                                        <br><br>\n                                                            <a href=\"tel:946 77 14 29\">946 77 14 29<\/a>\n                                                               \n                                                                                                                        <br><br>          \n                                                            <a href=\"https:\/\/www.inmobiliariagarar.es\/\" target=\"_blank\">https:\/\/www.inmobiliariagarar.es\/<\/a>\n                                                                                                     \n                                                        <\/did>    \n                                                    <\/div>         \n                                                                                       \n                                            <\/div>\n                                        <\/div>\n                                        <!--- FIN 1 bloque -->  \n\n                                            <\/div>\n                                \n                            \n                                                \n                                <div class=\"gb-layout-column-wrap gb-block-layout-column-gap-3 gb-is-responsive-column\" style=\"padding-right:0em;padding-left:0em;\">\n                                            <!--- 1 bloque -->\n                                        <div class=\"wp-block-genesis-blocks-gb-column gb-block-layout-column card\" data-card=\"\" style=\"padding-top:1em;padding-bottom:1em;\">\n                                            <div class=\"gb-block-layout-column-inner\">\n                                                                                                <figure class=\"wp-block-image size-full has-custom-border is-style-image-image-zoom\"><img decoding=\"async\" width=\"500\" height=\"280\" data-src=\"https:\/\/www.visitgorliz.eus\/wp-content\/uploads\/2024\/06\/inmobiliaria-gorliz-ok-2.jpeg\" alt=\"IMMOBILIER GORLIZ\" class=\"wp-image-23400 lazyload\" style=\"--smush-placeholder-width: 500px; --smush-placeholder-aspect-ratio: 500\/280;border-width:2px;border-radius:5px\" data-srcset=\"https:\/\/www.visitgorliz.eus\/wp-content\/uploads\/2024\/06\/inmobiliaria-gorliz-ok-2.jpeg 500w, https:\/\/www.visitgorliz.eus\/wp-content\/uploads\/2024\/06\/inmobiliaria-gorliz-ok-2.jpeg 300w\" data-sizes=\"auto, (max-width: 500px) 100vw, 500px\" src=\"data:image\/svg+xml;base64,PHN2ZyB3aWR0aD0iMSIgaGVpZ2h0PSIxIiB4bWxucz0iaHR0cDovL3d3dy53My5vcmcvMjAwMC9zdmciPjwvc3ZnPg==\">\n                                                <\/figure>\n                                                <h2 class=\"has-text-color\" style=\"color:#1f1f1f;font-size:26px;font-style:normal;font-weight:500\">\n                                                    <!--<a href=\"https:\/\/www.visitgorliz.eus\/fr\/service\/immobilier-gorliz\/\" title=\"IMMOBILIER GORLIZ\">IMMOBILIER GORLIZ<\/a>-->\n                                                    IMMOBILIER GORLIZ                                                <\/h2>\n                                                <p>Location et vente de propri\u00e9t\u00e9s sur la plage, location et vente de terrains et achat et vente de biens immobiliers.<\/p><br>                                                                                                    <div class=\"table-2columns\">                                                    \n                                                        <div class=\"columna1 grigora-kit-icon block-id-icon-1679775123216\">\n                                                            <a href=\"https:\/\/www.google.com\/maps\/place\/Inmobiliaria+Gorliz\/@43.4135726,-2.934759,17z\/data=!3m1!4b1!4m6!3m5!1s0xd4e4351de9b934b:0xadf3c0eba2c14267!8m2!3d43.4135726!4d-2.934759!16s%2Fg%2F11kps_dwhc?hl=es&#038;entry=ttu\" target=\"_blank\" rel=\"noopener\" class=\"button-link\" title=\"Comment y arriver\">\n                                                                <svg xmlns=\"http:\/\/www.w3.org\/2000\/svg\" width=\"16\" height=\"16\" fill=\"currentColor\" class=\"bi bi-geo-alt\" viewBox=\"0 0 16 16\">\n                                                                  <path d=\"M12.166 8.94c-.524 1.062-1.234 2.12-1.96 3.07A31.493 31.493 0 0 1 8 14.58a31.481 31.481 0 0 1-2.206-2.57c-.726-.95-1.436-2.008-1.96-3.07C3.304 7.867 3 6.862 3 6a5 5 0 0 1 10 0c0 .862-.305 1.867-.834 2.94zM8 16s6-5.686 6-10A6 6 0 0 0 2 6c0 4.314 6 10 6 10z\"><\/path>\n                                                                  <path d=\"M8 8a2 2 0 1 1 0-4 2 2 0 0 1 0 4zm0 1a3 3 0 1 0 0-6 3 3 0 0 0 0 6z\"><\/path>\n                                                                  <span class=\"wp-block-social-link-label screen-reader-text\">IMMOBILIER GORLIZ<\/span>\n                                                                <\/svg>\n                                                            <\/a>\n                                                        <\/div>\n                                                        <did class=\"columna2\">                                                        \n                                                            <a href=\"https:\/\/www.google.com\/maps\/place\/Inmobiliaria+Gorliz\/@43.4135726,-2.934759,17z\/data=!3m1!4b1!4m6!3m5!1s0xd4e4351de9b934b:0xadf3c0eba2c14267!8m2!3d43.4135726!4d-2.934759!16s%2Fg%2F11kps_dwhc?hl=es&#038;entry=ttu\" target=\"_blank\">Hormazalanda Enparantza Plaza, 3<\/a>\n                                                                                                                        <br><br>\n                                                            <a href=\"tel:657774952\">657774952<\/a>\n                                                               \n                                                                                                                        <br><br>          \n                                                            <a href=\"https:\/\/www.inmobiliariagorliz.com\/\" target=\"_blank\">https:\/\/www.inmobiliariagorliz.com\/<\/a>\n                                                                                                     \n                                                        <\/did>    \n                                                    <\/div>         \n                                                                                       \n                                            <\/div>\n                                        <\/div>\n                                        <!--- FIN 1 bloque -->  \n\n                                            <!--- 1 bloque -->\n                                        <div class=\"wp-block-genesis-blocks-gb-column gb-block-layout-column card\" data-card=\"\" style=\"padding-top:1em;padding-bottom:1em;\">\n                                            <div class=\"gb-block-layout-column-inner\">\n                                                                                                <figure class=\"wp-block-image size-full has-custom-border is-style-image-image-zoom\"><img decoding=\"async\" width=\"500\" height=\"280\" data-src=\"https:\/\/www.visitgorliz.eus\/wp-content\/uploads\/2023\/05\/Bancos-gorliz.jpg\" alt=\"BANQUES\" class=\"wp-image-23400 lazyload\" style=\"--smush-placeholder-width: 500px; --smush-placeholder-aspect-ratio: 500\/280;border-width:2px;border-radius:5px\" data-srcset=\"https:\/\/www.visitgorliz.eus\/wp-content\/uploads\/2023\/05\/Bancos-gorliz.jpg 500w, https:\/\/www.visitgorliz.eus\/wp-content\/uploads\/2023\/05\/Bancos-gorliz.jpg 300w\" data-sizes=\"auto, (max-width: 500px) 100vw, 500px\" src=\"data:image\/svg+xml;base64,PHN2ZyB3aWR0aD0iMSIgaGVpZ2h0PSIxIiB4bWxucz0iaHR0cDovL3d3dy53My5vcmcvMjAwMC9zdmciPjwvc3ZnPg==\">\n                                                <\/figure>\n                                                <h2 class=\"has-text-color\" style=\"color:#1f1f1f;font-size:26px;font-style:normal;font-weight:500\">\n                                                    <!--<a href=\"https:\/\/www.visitgorliz.eus\/fr\/service\/bancos\/\" title=\"BANQUES\">BANQUES<\/a>-->\n                                                    BANQUES                                                <\/h2>\n                                                <p>Banques disponibles \u00e1 Gorliz:<br \/>\r\n<ul><br \/>\r\n \t<li>Kutxabank:<br \/>\r\n<a href=\"https:\/\/www.google.com\/maps\/place\/Calle+Itsasbide,+15,+48630+G%C3%B3rliz,+Vizcaya\/@43.4142105,-2.9362977,17z\/data=!3m1!4b1!4m5!3m4!1s0xd4e42d3b991d041:0xb4477e5ed7c4f7d!8m2!3d43.4142105!4d-2.934109\" target=\"_blank\" rel=\"noopener\">Itsasbide Kalea, 15<\/a><br \/>\r\n<a href=\"tel:946770091\" target=\"_blank\" rel=\"noopener\">946 77 00 91<\/a><\/li><br \/>\r\n \t<li>BBVA :<br \/>\r\n<a href=\"https:\/\/www.google.com\/maps\/place\/Calle+Andra+Mari,+2,+48630+G%C3%B3rliz,+Vizcaya\/@43.413017,-2.9377043,17z\/data=!3m1!4b1!4m5!3m4!1s0xd4e42d37a613583:0x59e9152da12de9c3!8m2!3d43.413017!4d-2.9355156\" target=\"_blank\" rel=\"noopener\">Andra-Mari Kalea, 2<\/a><br \/>\r\n<a href=\"tel:688741745\" target=\"_blank\" rel=\"noopener\">688 74 17 45<\/a><\/li><br \/>\r\n \t<li>Laboral Kutxa:<br \/>\r\n<a href=\"https:\/\/www.google.com\/maps\/place\/Calle+Itsasbide,+30,+48630+G%C3%B3rliz,+Vizcaya\/@43.4134622,-2.9387088,17z\/data=!3m1!4b1!4m5!3m4!1s0xd4e42d3411e273f:0xb64a0563930c72b3!8m2!3d43.4134622!4d-2.9365201\" target=\"_blank\" rel=\"noopener\">Itsasbide Kalea, 30<\/a><br \/>\r\n<a href=\"tel:946775446\" target=\"_blank\" rel=\"noopener\">946 77 54 46<\/a><\/li><br \/>\r\n<\/ul><\/p><br>                                                                                       \n                                            <\/div>\n                                        <\/div>\n                                        <!--- FIN 1 bloque -->  \n\n                                            <!--- 1 bloque -->\n                                        <div class=\"wp-block-genesis-blocks-gb-column gb-block-layout-column card\" data-card=\"\" style=\"padding-top:1em;padding-bottom:1em;\">\n                                            <div class=\"gb-block-layout-column-inner\">\n                                                                                                <figure class=\"wp-block-image size-full has-custom-border is-style-image-image-zoom\"><img decoding=\"async\" width=\"500\" height=\"280\" data-src=\"https:\/\/www.visitgorliz.eus\/wp-content\/uploads\/2024\/09\/recogida-de-utensilios-.jpeg\" alt=\"COLLECTE\u00a0DES\u00a0USTENSILES\" class=\"wp-image-23400 lazyload\" style=\"--smush-placeholder-width: 500px; --smush-placeholder-aspect-ratio: 500\/280;border-width:2px;border-radius:5px\" data-srcset=\"https:\/\/www.visitgorliz.eus\/wp-content\/uploads\/2024\/09\/recogida-de-utensilios-.jpeg 500w, https:\/\/www.visitgorliz.eus\/wp-content\/uploads\/2024\/09\/recogida-de-utensilios-.jpeg 300w\" data-sizes=\"auto, (max-width: 500px) 100vw, 500px\" src=\"data:image\/svg+xml;base64,PHN2ZyB3aWR0aD0iMSIgaGVpZ2h0PSIxIiB4bWxucz0iaHR0cDovL3d3dy53My5vcmcvMjAwMC9zdmciPjwvc3ZnPg==\">\n                                                <\/figure>\n                                                <h2 class=\"has-text-color\" style=\"color:#1f1f1f;font-size:26px;font-style:normal;font-weight:500\">\n                                                    <!--<a href=\"https:\/\/www.visitgorliz.eus\/fr\/service\/collecte-des-ustensiles\/\" title=\"COLLECTE\u00a0DES\u00a0USTENSILES\">COLLECTE\u00a0DES\u00a0USTENSILES<\/a>-->\n                                                    COLLECTE\u00a0DES\u00a0USTENSILES                                                <\/h2>\n                                                <p>Les jours pour d\u00e9poser les ustensiles sont le mercredi soir et la collecte aura lieu le jeudi matin. Les ustensiles doivent \u00eatre d\u00e9pos\u00e9s \u00e0 c\u00f4t\u00e9 des poubelles entre 21h00 du mercredi et 7h00 le jeudi.<\/p><br>                                                                                       \n                                            <\/div>\n                                        <\/div>\n                                        <!--- FIN 1 bloque -->  \n\n                                            <\/div>\n                                \n                            \n                                                \n                                <div class=\"gb-layout-column-wrap gb-block-layout-column-gap-3 gb-is-responsive-column\" style=\"padding-right:0em;padding-left:0em;\">\n                                            <!--- 1 bloque -->\n                                        <div class=\"wp-block-genesis-blocks-gb-column gb-block-layout-column card\" data-card=\"\" style=\"padding-top:1em;padding-bottom:1em;\">\n                                            <div class=\"gb-block-layout-column-inner\">\n                                                                                                <figure class=\"wp-block-image size-full has-custom-border is-style-image-image-zoom\"><img decoding=\"async\" width=\"500\" height=\"280\" data-src=\"https:\/\/www.visitgorliz.eus\/wp-content\/uploads\/2023\/03\/ayuntamiento-gorliz.jpg\" alt=\"ASSOCIATIONS DE GORLIZ\" class=\"wp-image-23400 lazyload\" style=\"--smush-placeholder-width: 500px; --smush-placeholder-aspect-ratio: 500\/280;border-width:2px;border-radius:5px\" data-srcset=\"https:\/\/www.visitgorliz.eus\/wp-content\/uploads\/2023\/03\/ayuntamiento-gorliz.jpg 500w, https:\/\/www.visitgorliz.eus\/wp-content\/uploads\/2023\/03\/ayuntamiento-gorliz.jpg 300w\" data-sizes=\"auto, (max-width: 500px) 100vw, 500px\" src=\"data:image\/svg+xml;base64,PHN2ZyB3aWR0aD0iMSIgaGVpZ2h0PSIxIiB4bWxucz0iaHR0cDovL3d3dy53My5vcmcvMjAwMC9zdmciPjwvc3ZnPg==\">\n                                                <\/figure>\n                                                <h2 class=\"has-text-color\" style=\"color:#1f1f1f;font-size:26px;font-style:normal;font-weight:500\">\n                                                    <!--<a href=\"https:\/\/www.visitgorliz.eus\/fr\/service\/associations-de-gorliz\/\" title=\"ASSOCIATIONS DE GORLIZ\">ASSOCIATIONS DE GORLIZ<\/a>-->\n                                                    ASSOCIATIONS DE GORLIZ                                                <\/h2>\n                                                <p>Liste actualis\u00e9e des associations de Gorliz.<\/p><br>                                                                                                    <div class=\"table-2columns\">                                                    \n                                                        <div class=\"columna1 grigora-kit-icon block-id-icon-1679775123216\">\n                                                            <a href=\"https:\/\/www.google.es\/maps\/place\/Ayuntamiento+De+GORLIZko+Udaletxea\/@43.415401,-2.9326815,17z\/data=!3m1!4b1!4m6!3m5!1s0xd4e42d229b51423:0x8a86378cb6ddad5b!8m2!3d43.415401!4d-2.9326815!16s%2Fg%2F11btmq9lpc\" target=\"_blank\" rel=\"noopener\" class=\"button-link\" title=\"Comment y arriver\">\n                                                                <svg xmlns=\"http:\/\/www.w3.org\/2000\/svg\" width=\"16\" height=\"16\" fill=\"currentColor\" class=\"bi bi-geo-alt\" viewBox=\"0 0 16 16\">\n                                                                  <path d=\"M12.166 8.94c-.524 1.062-1.234 2.12-1.96 3.07A31.493 31.493 0 0 1 8 14.58a31.481 31.481 0 0 1-2.206-2.57c-.726-.95-1.436-2.008-1.96-3.07C3.304 7.867 3 6.862 3 6a5 5 0 0 1 10 0c0 .862-.305 1.867-.834 2.94zM8 16s6-5.686 6-10A6 6 0 0 0 2 6c0 4.314 6 10 6 10z\"><\/path>\n                                                                  <path d=\"M8 8a2 2 0 1 1 0-4 2 2 0 0 1 0 4zm0 1a3 3 0 1 0 0-6 3 3 0 0 0 0 6z\"><\/path>\n                                                                  <span class=\"wp-block-social-link-label screen-reader-text\">ASSOCIATIONS DE GORLIZ<\/span>\n                                                                <\/svg>\n                                                            <\/a>\n                                                        <\/div>\n                                                        <did class=\"columna2\">                                                        \n                                                            <a href=\"https:\/\/www.google.es\/maps\/place\/Ayuntamiento+De+GORLIZko+Udaletxea\/@43.415401,-2.9326815,17z\/data=!3m1!4b1!4m6!3m5!1s0xd4e42d229b51423:0x8a86378cb6ddad5b!8m2!3d43.415401!4d-2.9326815!16s%2Fg%2F11btmq9lpc\" target=\"_blank\">Eliza Enparantza Plaza, s\/n <\/a>\n                                                               \n                                                                                                                        <br><br>          \n                                                            <a href=\"https:\/\/www.gorliz.eus\/es-ES\/Ocio\/Asociaciones\/Paginas\/default.aspx\" target=\"_blank\">Liste des associations<\/a>\n                                                                                                     \n                                                        <\/did>    \n                                                    <\/div>         \n                                                                                       \n                                            <\/div>\n                                        <\/div>\n                                        <!--- FIN 1 bloque -->  \n\n                                        \n                            <\/div>\n                        \n                        <\/div>\n                <\/div>\n            <\/div>\n        <\/div>\n    <\/div>\n<\/div>\n<!-- FIN TODOS -->\n\n\n\n<style id='grigora-used-styles-inline-css'>\n.is-style-custom-link-button span{background-color:var(--wp--preset--color--button);color:var(--wp--preset--color--buttontext);padding:8px 20px 8px 20px !important;border-radius:100px;-webkit-box-shadow:var(--wp--custom--button-shadow);box-shadow:var(--wp--custom--button-shadow);transition:all .3s ease 0s}.is-style-custom-link-button span:hover{filter:brightness(94%) !important}\n.is-style-image-image-zoom{overflow:hidden}.is-style-image-image-zoom img{transition:.3s all ease-in-out}.is-style-image-image-zoom:hover img{transform:scale(1.1)}\n.is-style-cover-image-zoom{overflow:hidden}.is-style-cover-image-zoom .wp-block-cover__image-background{transition:.3s all ease-in-out}.is-style-cover-image-zoom:hover .wp-block-cover__image-background{transform:scale(1.1)}\n.is-style-columns-no-gap{gap:0 !important}\n<\/style>\n\n\n<div class=\"wp-block-genesis-blocks-gb-columns gb-layout-columns-1 one-column has-primary-background-color gb-columns-center\"><div class=\"gb-layout-column-wrap gb-block-layout-column-gap-2 gb-is-responsive-column\" style=\"max-width:1398px\">\n<div class=\"wp-block-genesis-blocks-gb-column gb-block-layout-column\"><div class=\"gb-block-layout-column-inner\" style=\"margin-top:1em;margin-bottom:1em\">\n<h1 class=\"wp-block-heading has-text-align-left has-background-color has-text-color has-link-color has-large-font-size wp-elements-1\" style=\"margin-top:0;margin-bottom:0;font-style:normal;font-weight:400;line-height:1.1\">AIDEZ-NOUS \u00c0 AM\u00c9LIORER<\/h1>\n<\/div><\/div>\n<\/div><\/div>\n\n\n<iframe data-src=\"https:\/\/docs.google.com\/forms\/d\/e\/1FAIpQLScbk-mmKFPrwG_wK5fEvZdM5BnFfQKQB4VDJETX-Tmj2BjH3w\/viewform?embedded=true\" width=\"100%\" height=\"2150\" frameborder=\"0\" marginheight=\"0\" marginwidth=\"0\" title=\"AIDEZ-NOUS \u00c0 AM\u00c9LIORER\" src=\"data:image\/svg+xml;base64,PHN2ZyB3aWR0aD0iMSIgaGVpZ2h0PSIxIiB4bWxucz0iaHR0cDovL3d3dy53My5vcmcvMjAwMC9zdmciPjwvc3ZnPg==\" class=\"lazyload\" data-load-mode=\"0\">Cargando&#8230;<\/iframe>\n\n\n<div class=\"wp-block-genesis-blocks-gb-columns gb-slate-section-text-with-cta gb-slate-text-with-cta gb-layout-columns-1 gb-1-col-equal gb-has-background-dim gb-has-background-dim-60 gb-background-cover gb-background-no-repeat gb-has-custom-background-color gb-has-custom-text-color gb-columns-center alignfull lazyload\" style=\"padding-top:4em;padding-right:1em;padding-bottom:4em;padding-left:1em;background-color:#1f1f1f;color:#f5f5f5;background-image:inherit;background-position:50% 52%\" data-bg-image=\"url(https:\/\/www.visitgorliz.eus\/wp-content\/uploads\/2023\/03\/senderos-gorliz.jpg)\"><div class=\"gb-layout-column-wrap gb-block-layout-column-gap-0 gb-is-responsive-column\" style=\"max-width:872px\">\n<div class=\"wp-block-genesis-blocks-gb-column gb-block-layout-column\"><div class=\"gb-block-layout-column-inner\">\n<div class=\"wp-block-buttons is-horizontal is-content-justification-center is-layout-flex wp-container-core-buttons-is-layout-2b3eae21 wp-block-buttons-is-layout-flex\">\n<div class=\"wp-block-button\"><a class=\"wp-block-button__link has-background-color has-primary-background-color has-text-color has-background wp-element-button\" href=\"https:\/\/www.visitgorliz.eus\/fr\/la-meteo\/\" style=\"border-radius:4px\">La m\u00e9t\u00e9o \u00e0 Gorliz: V\u00e9rifier la semaine prochaine<\/a><\/div>\n<\/div>\n<\/div><\/div>\n<\/div><\/div>\n\n\n\n<div class=\"wp-block-genesis-blocks-gb-columns gpb-authority-section-banner gb-layout-columns-1 gb-1-col-equal has-foreground-background-color gb-has-custom-text-color gb-columns-center alignfull\" style=\"padding-top:1em;padding-right:1em;padding-bottom:1em;padding-left:1em;color:#ffffff;background-position:50% 50%\"><div class=\"gb-layout-column-wrap gb-block-layout-column-gap-3 gb-is-responsive-column\" style=\"max-width:1450px\">\n<div class=\"wp-block-genesis-blocks-gb-column gb-block-layout-column\"><div class=\"gb-block-layout-column-inner\">\n<h2 class=\"wp-block-heading has-large-font-size\"><strong>D\u00c9COUVRIR GORLIZ<\/strong><\/h2>\n<\/div><\/div>\n<\/div><\/div>\n\n\n\n<div class=\"wp-block-columns alignfull is-style-columns-no-gap is-layout-flex wp-container-core-columns-is-layout-591b9064 wp-block-columns-is-layout-flex\" style=\"margin-top:0;padding-top:0\">\n<div class=\"wp-block-column has-foreground-background-color has-background is-layout-flow wp-block-column-is-layout-flow\" style=\"padding-top:0;padding-bottom:0;flex-basis:66.66%\">\n<div class=\"wp-block-cover is-style-cover-image-zoom\" style=\"padding-top:0;padding-bottom:0\"><span aria-hidden=\"true\" class=\"wp-block-cover__background has-background-dim-30 has-background-dim\"><\/span><img decoding=\"async\" width=\"1000\" height=\"375\" class=\"wp-block-cover__image-background wp-image-22882 lazyload\" alt=\"Plage de Gorliz au Pays Basque\" data-src=\"https:\/\/www.visitgorliz.eus\/wp-content\/uploads\/2023\/03\/playa-gorliz.jpg\" data-object-fit=\"cover\" data-srcset=\"https:\/\/www.visitgorliz.eus\/wp-content\/uploads\/2023\/03\/playa-gorliz.jpg 1000w, https:\/\/www.visitgorliz.eus\/wp-content\/uploads\/2023\/03\/playa-gorliz-300x113.jpg 300w, https:\/\/www.visitgorliz.eus\/wp-content\/uploads\/2023\/03\/playa-gorliz-768x288.jpg 768w\" data-sizes=\"(max-width: 1000px) 100vw, 1000px\" src=\"data:image\/svg+xml;base64,PHN2ZyB3aWR0aD0iMSIgaGVpZ2h0PSIxIiB4bWxucz0iaHR0cDovL3d3dy53My5vcmcvMjAwMC9zdmciPjwvc3ZnPg==\" style=\"--smush-placeholder-width: 1000px; --smush-placeholder-aspect-ratio: 1000\/375;\" \/><div class=\"wp-block-cover__inner-container is-layout-flow wp-block-cover-is-layout-flow\">\n<div class=\"wp-block-group is-content-justification-center is-nowrap is-layout-flex wp-container-core-group-is-layout-00b4ce58 wp-block-group-is-layout-flex\" style=\"padding-top:0;padding-bottom:0\">\n<div class=\"wp-block-buttons is-layout-flex wp-block-buttons-is-layout-flex\">\n<div class=\"wp-block-button\"><a class=\"wp-block-button__link wp-element-button\" href=\"https:\/\/www.visitgorliz.eus\/fr\/plage\/\">PLAGE<\/a><\/div>\n<\/div>\n<\/div>\n<\/div><\/div>\n<\/div>\n\n\n\n<div class=\"wp-block-column has-foreground-background-color has-background is-layout-flow wp-block-column-is-layout-flow\" style=\"flex-basis:33.34%\">\n<div class=\"wp-block-cover is-style-cover-image-zoom\"><span aria-hidden=\"true\" class=\"wp-block-cover__background has-background-dim-30 has-background-dim\"><\/span><img decoding=\"async\" width=\"500\" height=\"375\" class=\"wp-block-cover__image-background wp-image-22886 lazyload\" alt=\"Phare de Gorliz\" data-src=\"https:\/\/www.visitgorliz.eus\/wp-content\/uploads\/2023\/03\/visitas-faro.jpg\" data-object-fit=\"cover\" data-srcset=\"https:\/\/www.visitgorliz.eus\/wp-content\/uploads\/2023\/03\/visitas-faro.jpg 500w, https:\/\/www.visitgorliz.eus\/wp-content\/uploads\/2023\/03\/visitas-faro-300x225.jpg 300w\" data-sizes=\"(max-width: 500px) 100vw, 500px\" src=\"data:image\/svg+xml;base64,PHN2ZyB3aWR0aD0iMSIgaGVpZ2h0PSIxIiB4bWxucz0iaHR0cDovL3d3dy53My5vcmcvMjAwMC9zdmciPjwvc3ZnPg==\" style=\"--smush-placeholder-width: 500px; --smush-placeholder-aspect-ratio: 500\/375;\" \/><div class=\"wp-block-cover__inner-container is-layout-flow wp-block-cover-is-layout-flow\">\n<div class=\"wp-block-group is-content-justification-center is-nowrap is-layout-flex wp-container-core-group-is-layout-00b4ce58 wp-block-group-is-layout-flex\" style=\"padding-top:0;padding-bottom:0\">\n<div class=\"wp-block-buttons is-layout-flex wp-block-buttons-is-layout-flex\">\n<div class=\"wp-block-button\"><a class=\"wp-block-button__link wp-element-button\" href=\"https:\/\/www.visitgorliz.eus\/fr\/patrimoine\/\">PATRIMOINE<\/a><\/div>\n<\/div>\n<\/div>\n<\/div><\/div>\n<\/div>\n\n\n\n<div class=\"wp-block-column has-foreground-background-color has-background is-layout-flow wp-container-core-column-is-layout-033aa901 wp-block-column-is-layout-flow\" style=\"padding-top:0;padding-right:0;padding-bottom:0;padding-left:0;flex-basis:33.33%\">\n<div class=\"wp-block-cover is-style-cover-image-zoom\" style=\"padding-top:0;padding-right:0;padding-bottom:0;padding-left:0\"><span aria-hidden=\"true\" class=\"wp-block-cover__background has-background-dim-30 has-background-dim\"><\/span><img decoding=\"async\" width=\"500\" height=\"375\" class=\"wp-block-cover__image-background wp-image-22890 lazyload\" alt=\"F\u00eates et traditions basques \u00e0 Gorliz\" data-src=\"https:\/\/www.visitgorliz.eus\/wp-content\/uploads\/2023\/03\/diversion-danzas-vascas.jpg\" data-object-fit=\"cover\" data-srcset=\"https:\/\/www.visitgorliz.eus\/wp-content\/uploads\/2023\/03\/diversion-danzas-vascas.jpg 500w, https:\/\/www.visitgorliz.eus\/wp-content\/uploads\/2023\/03\/diversion-danzas-vascas-300x225.jpg 300w\" data-sizes=\"(max-width: 500px) 100vw, 500px\" src=\"data:image\/svg+xml;base64,PHN2ZyB3aWR0aD0iMSIgaGVpZ2h0PSIxIiB4bWxucz0iaHR0cDovL3d3dy53My5vcmcvMjAwMC9zdmciPjwvc3ZnPg==\" style=\"--smush-placeholder-width: 500px; --smush-placeholder-aspect-ratio: 500\/375;\" \/><div class=\"wp-block-cover__inner-container is-layout-flow wp-block-cover-is-layout-flow\">\n<div class=\"wp-block-group is-content-justification-center is-nowrap is-layout-flex wp-container-core-group-is-layout-fd33dbec wp-block-group-is-layout-flex\" style=\"padding-top:0;padding-right:0;padding-bottom:0;padding-left:0\">\n<div class=\"wp-block-buttons is-layout-flex wp-block-buttons-is-layout-flex\">\n<div class=\"wp-block-button\"><a class=\"wp-block-button__link wp-element-button\" href=\"https:\/\/www.visitgorliz.eus\/fr\/fetes\/\">F\u00caTES<\/a><\/div>\n<\/div>\n<\/div>\n<\/div><\/div>\n<\/div>\n<\/div>\n\n\n\n<div class=\"wp-block-columns alignfull is-style-columns-no-gap is-layout-flex wp-container-core-columns-is-layout-591b9064 wp-block-columns-is-layout-flex\" style=\"margin-top:0;padding-top:0\">\n<div class=\"wp-block-column has-foreground-background-color has-background is-layout-flow wp-block-column-is-layout-flow\" style=\"flex-basis:33.34%\">\n<div class=\"wp-block-cover is-style-cover-image-zoom\"><span aria-hidden=\"true\" class=\"wp-block-cover__background has-background-dim-30 has-background-dim\"><\/span><img decoding=\"async\" width=\"500\" height=\"375\" class=\"wp-block-cover__image-background wp-image-22907 lazyload\" alt=\"Que faire \u00e0 Gorliz\" data-src=\"https:\/\/www.visitgorliz.eus\/wp-content\/uploads\/2023\/03\/actividades-gorliz.jpg\" data-object-fit=\"cover\" data-srcset=\"https:\/\/www.visitgorliz.eus\/wp-content\/uploads\/2023\/03\/actividades-gorliz.jpg 500w, https:\/\/www.visitgorliz.eus\/wp-content\/uploads\/2023\/03\/actividades-gorliz-300x225.jpg 300w\" data-sizes=\"(max-width: 500px) 100vw, 500px\" src=\"data:image\/svg+xml;base64,PHN2ZyB3aWR0aD0iMSIgaGVpZ2h0PSIxIiB4bWxucz0iaHR0cDovL3d3dy53My5vcmcvMjAwMC9zdmciPjwvc3ZnPg==\" style=\"--smush-placeholder-width: 500px; --smush-placeholder-aspect-ratio: 500\/375;\" \/><div class=\"wp-block-cover__inner-container is-layout-flow wp-block-cover-is-layout-flow\">\n<div class=\"wp-block-group is-content-justification-center is-nowrap is-layout-flex wp-container-core-group-is-layout-00b4ce58 wp-block-group-is-layout-flex\" style=\"padding-top:0;padding-bottom:0\">\n<div class=\"wp-block-buttons is-layout-flex wp-block-buttons-is-layout-flex\">\n<div class=\"wp-block-button\"><a class=\"wp-block-button__link wp-element-button\" href=\"https:\/\/www.visitgorliz.eus\/fr\/activites\/\">ACTIVIT\u00c9S<\/a><\/div>\n<\/div>\n<\/div>\n<\/div><\/div>\n<\/div>\n\n\n\n<div class=\"wp-block-column has-foreground-background-color has-background is-layout-flow wp-block-column-is-layout-flow\" style=\"flex-basis:33.33%\">\n<div class=\"wp-block-cover is-style-cover-image-zoom\"><span aria-hidden=\"true\" class=\"wp-block-cover__background has-background-dim-30 has-background-dim\"><\/span><img decoding=\"async\" width=\"500\" height=\"375\" class=\"wp-block-cover__image-background wp-image-22915 lazyload\" alt=\"Pr\u00e8s de Gorliz\" data-src=\"https:\/\/www.visitgorliz.eus\/wp-content\/uploads\/2023\/03\/gaztelugatxe-gorliz.jpg\" data-object-fit=\"cover\" data-srcset=\"https:\/\/www.visitgorliz.eus\/wp-content\/uploads\/2023\/03\/gaztelugatxe-gorliz.jpg 500w, https:\/\/www.visitgorliz.eus\/wp-content\/uploads\/2023\/03\/gaztelugatxe-gorliz-300x225.jpg 300w\" data-sizes=\"(max-width: 500px) 100vw, 500px\" src=\"data:image\/svg+xml;base64,PHN2ZyB3aWR0aD0iMSIgaGVpZ2h0PSIxIiB4bWxucz0iaHR0cDovL3d3dy53My5vcmcvMjAwMC9zdmciPjwvc3ZnPg==\" style=\"--smush-placeholder-width: 500px; --smush-placeholder-aspect-ratio: 500\/375;\" \/><div class=\"wp-block-cover__inner-container is-layout-flow wp-block-cover-is-layout-flow\">\n<div class=\"wp-block-group is-content-justification-center is-nowrap is-layout-flex wp-container-core-group-is-layout-00b4ce58 wp-block-group-is-layout-flex\" style=\"padding-top:0;padding-bottom:0\">\n<div class=\"wp-block-buttons is-layout-flex wp-block-buttons-is-layout-flex\">\n<div class=\"wp-block-button\"><a class=\"wp-block-button__link wp-element-button\" href=\"https:\/\/www.visitgorliz.eus\/fr\/alentours\/\">ALENTOURS<\/a><\/div>\n<\/div>\n<\/div>\n<\/div><\/div>\n<\/div>\n\n\n\n<div class=\"wp-block-column has-foreground-background-color has-background is-layout-flow wp-block-column-is-layout-flow\" style=\"padding-top:0;padding-bottom:0;flex-basis:66.66%\">\n<div class=\"wp-block-cover is-style-cover-image-zoom\" style=\"padding-top:0;padding-bottom:0\"><span aria-hidden=\"true\" class=\"wp-block-cover__background has-background-dim-30 has-background-dim\"><\/span><img decoding=\"async\" width=\"1000\" height=\"375\" class=\"wp-block-cover__image-background wp-image-22922 lazyload\" alt=\"O\u00f9 manger \u00e0 Gorliz\" data-src=\"https:\/\/www.visitgorliz.eus\/wp-content\/uploads\/2023\/03\/gastronomia-gorliz.jpg\" data-object-fit=\"cover\" data-srcset=\"https:\/\/www.visitgorliz.eus\/wp-content\/uploads\/2023\/03\/gastronomia-gorliz.jpg 1000w, https:\/\/www.visitgorliz.eus\/wp-content\/uploads\/2023\/03\/gastronomia-gorliz-300x113.jpg 300w, https:\/\/www.visitgorliz.eus\/wp-content\/uploads\/2023\/03\/gastronomia-gorliz-768x288.jpg 768w\" data-sizes=\"(max-width: 1000px) 100vw, 1000px\" src=\"data:image\/svg+xml;base64,PHN2ZyB3aWR0aD0iMSIgaGVpZ2h0PSIxIiB4bWxucz0iaHR0cDovL3d3dy53My5vcmcvMjAwMC9zdmciPjwvc3ZnPg==\" style=\"--smush-placeholder-width: 1000px; --smush-placeholder-aspect-ratio: 1000\/375;\" \/><div class=\"wp-block-cover__inner-container is-layout-flow wp-block-cover-is-layout-flow\">\n<div class=\"wp-block-group is-content-justification-center is-nowrap is-layout-flex wp-container-core-group-is-layout-00b4ce58 wp-block-group-is-layout-flex\" style=\"padding-top:0;padding-bottom:0\">\n<div class=\"wp-block-buttons is-layout-flex wp-block-buttons-is-layout-flex\">\n<div class=\"wp-block-button\"><a class=\"wp-block-button__link wp-element-button\" href=\"https:\/\/www.visitgorliz.eus\/fr\/gastronomie\/\">GASTRONOMIE<\/a><\/div>\n<\/div>\n<\/div>\n<\/div><\/div>\n<\/div>\n<\/div>\n\n\n\n<div class=\"wp-block-group alignfull is-layout-constrained wp-container-core-group-is-layout-d9d50879 wp-block-group-is-layout-constrained\">\n<div class=\"wp-block-genesis-blocks-gb-columns gpb-agency-section-numbers gb-layout-columns-1 one-column has-transparent-background-color gb-has-custom-text-color gb-columns-center alignfull\" style=\"padding-right:5%;padding-left:5%;color:#ffffff\"><div class=\"gb-layout-column-wrap gb-block-layout-column-gap-2 gb-is-responsive-column\" style=\"max-width:1450px\">\n<div class=\"wp-block-genesis-blocks-gb-column gb-block-layout-column\"><div class=\"gb-block-layout-column-inner\">\n<h2 class=\"wp-block-heading alignwide has-foreground-color has-text-color has-large-font-size\" style=\"line-height:1.1\">ORGANISEZ VOTRE VOYAGE<\/h2>\n\n\n\n<div class=\"wp-block-genesis-blocks-gb-columns gb-layout-columns-5 gb-5-col-equal\" style=\"margin-bottom:3%\"><div class=\"gb-layout-column-wrap gb-block-layout-column-gap-2 gb-is-responsive-column\">\n<div class=\"wp-block-genesis-blocks-gb-column gb-block-layout-column\"><div class=\"gb-block-layout-column-inner\" style=\"padding-top:40px\">\n<div class=\"grigora-kit-icon block-id-icon-1701346228851\"><svg xmlns=\"http:\/\/www.w3.org\/2000\/svg\" width=\"16\" height=\"16\" fill=\"currentColor\" class=\"bi bi-signpost-2\" viewBox=\"0 0 16 16\">\n  <path d=\"M7 1.414V2H2a1 1 0 0 0-1 1v2a1 1 0 0 0 1 1h5v1H2.5a1 1 0 0 0-.8.4L.725 8.7a.5.5 0 0 0 0 .6l.975 1.3a1 1 0 0 0 .8.4H7v5h2v-5h5a1 1 0 0 0 1-1V8a1 1 0 0 0-1-1H9V6h4.5a1 1 0 0 0 .8-.4l.975-1.3a.5.5 0 0 0 0-.6L14.3 2.4a1 1 0 0 0-.8-.4H9v-.586a1 1 0 0 0-2 0zM13.5 3l.75 1-.75 1H2V3h11.5zm.5 5v2H2.5l-.75-1 .75-1H14z\"><\/path>\n<\/svg><\/div>\n\n\n\n<p class=\"has-text-align-center has-foreground-color has-text-color has-link-color wp-elements-2 wp-block-paragraph\"><a href=\"https:\/\/www.visitgorliz.eus\/fr\/comment-y-arriver\/\">COMMENT VENIR<\/a><\/p>\n<\/div><\/div>\n\n\n\n<div class=\"wp-block-genesis-blocks-gb-column gb-block-layout-column\"><div class=\"gb-block-layout-column-inner\" style=\"padding-top:40px\">\n<div class=\"grigora-kit-icon block-id-icon-1701346228855\"><svg xmlns=\"http:\/\/www.w3.org\/2000\/svg\" width=\"16\" height=\"16\" fill=\"currentColor\" class=\"bi bi-pin-map\" viewBox=\"0 0 16 16\">\n  <path fill-rule=\"evenodd\" d=\"M3.1 11.2a.5.5 0 0 1 .4-.2H6a.5.5 0 0 1 0 1H3.75L1.5 15h13l-2.25-3H10a.5.5 0 0 1 0-1h2.5a.5.5 0 0 1 .4.2l3 4a.5.5 0 0 1-.4.8H.5a.5.5 0 0 1-.4-.8l3-4z\"><\/path>\n  <path fill-rule=\"evenodd\" d=\"M8 1a3 3 0 1 0 0 6 3 3 0 0 0 0-6zM4 4a4 4 0 1 1 4.5 3.969V13.5a.5.5 0 0 1-1 0V7.97A4 4 0 0 1 4 3.999z\"><\/path>\n<\/svg><\/div>\n\n\n\n<p class=\"has-text-align-center has-foreground-color has-text-color has-link-color wp-elements-3 wp-block-paragraph\"><a href=\"https:\/\/www.visitgorliz.eus\/fr\/gastronomie\/\">O\u00d9 MANGER<\/a><\/p>\n<\/div><\/div>\n\n\n\n<div class=\"wp-block-genesis-blocks-gb-column gb-block-layout-column\"><div class=\"gb-block-layout-column-inner\" style=\"padding-top:40px\">\n<div class=\"grigora-kit-icon block-id-icon-1701346228859\"><svg xmlns=\"http:\/\/www.w3.org\/2000\/svg\" width=\"16\" height=\"16\" fill=\"currentColor\" class=\"bi bi-house\" viewBox=\"0 0 16 16\">\n  <path fill-rule=\"evenodd\" d=\"M2 13.5V7h1v6.5a.5.5 0 0 0 .5.5h9a.5.5 0 0 0 .5-.5V7h1v6.5a1.5 1.5 0 0 1-1.5 1.5h-9A1.5 1.5 0 0 1 2 13.5zm11-11V6l-2-2V2.5a.5.5 0 0 1 .5-.5h1a.5.5 0 0 1 .5.5z\"><\/path>\n  <path fill-rule=\"evenodd\" d=\"M7.293 1.5a1 1 0 0 1 1.414 0l6.647 6.646a.5.5 0 0 1-.708.708L8 2.207 1.354 8.854a.5.5 0 1 1-.708-.708L7.293 1.5z\"><\/path>\n<\/svg><\/div>\n\n\n\n<p class=\"has-text-align-center has-foreground-color has-text-color has-link-color wp-elements-4 wp-block-paragraph\"><a href=\"https:\/\/www.visitgorliz.eus\/fr\/ou-dormir\/\">O\u00d9 DORMIR<\/a><\/p>\n<\/div><\/div>\n\n\n\n<div class=\"wp-block-genesis-blocks-gb-column gb-block-layout-column\"><div class=\"gb-block-layout-column-inner\" style=\"padding-top:40px\">\n<div class=\"grigora-kit-icon block-id-icon-1701346228865\"><svg xmlns=\"http:\/\/www.w3.org\/2000\/svg\" width=\"16\" height=\"16\" fill=\"currentColor\" class=\"bi bi-shop\" viewBox=\"0 0 16 16\">\n  <path d=\"M2.97 1.35A1 1 0 0 1 3.73 1h8.54a1 1 0 0 1 .76.35l2.609 3.044A1.5 1.5 0 0 1 16 5.37v.255a2.375 2.375 0 0 1-4.25 1.458A2.371 2.371 0 0 1 9.875 8 2.37 2.37 0 0 1 8 7.083 2.37 2.37 0 0 1 6.125 8a2.37 2.37 0 0 1-1.875-.917A2.375 2.375 0 0 1 0 5.625V5.37a1.5 1.5 0 0 1 .361-.976l2.61-3.045zm1.78 4.275a1.375 1.375 0 0 0 2.75 0 .5.5 0 0 1 1 0 1.375 1.375 0 0 0 2.75 0 .5.5 0 0 1 1 0 1.375 1.375 0 1 0 2.75 0V5.37a.5.5 0 0 0-.12-.325L12.27 2H3.73L1.12 5.045A.5.5 0 0 0 1 5.37v.255a1.375 1.375 0 0 0 2.75 0 .5.5 0 0 1 1 0zM1.5 8.5A.5.5 0 0 1 2 9v6h1v-5a1 1 0 0 1 1-1h3a1 1 0 0 1 1 1v5h6V9a.5.5 0 0 1 1 0v6h.5a.5.5 0 0 1 0 1H.5a.5.5 0 0 1 0-1H1V9a.5.5 0 0 1 .5-.5zM4 15h3v-5H4v5zm5-5a1 1 0 0 1 1-1h2a1 1 0 0 1 1 1v3a1 1 0 0 1-1 1h-2a1 1 0 0 1-1-1v-3zm3 0h-2v3h2v-3z\"><\/path>\n<\/svg><\/div>\n\n\n\n<p class=\"has-text-align-center has-foreground-color has-text-color has-link-color wp-elements-5 wp-block-paragraph\"><a href=\"https:\/\/www.visitgorliz.eus\/fr\/guide-de-commerces-et-de-services\/\">QUOI ACHETER<\/a><\/p>\n<\/div><\/div>\n\n\n\n<div class=\"wp-block-genesis-blocks-gb-column gb-block-layout-column\"><div class=\"gb-block-layout-column-inner\" style=\"padding-top:40px\">\n<div class=\"grigora-kit-icon block-id-icon-1701346228870\"><svg xmlns=\"http:\/\/www.w3.org\/2000\/svg\" width=\"16\" height=\"16\" fill=\"currentColor\" class=\"bi bi-info-circle\" viewBox=\"0 0 16 16\">\n  <path d=\"M8 15A7 7 0 1 1 8 1a7 7 0 0 1 0 14zm0 1A8 8 0 1 0 8 0a8 8 0 0 0 0 16z\"><\/path>\n  <path d=\"m8.93 6.588-2.29.287-.082.38.45.083c.294.07.352.176.288.469l-.738 3.468c-.194.897.105 1.319.808 1.319.545 0 1.178-.252 1.465-.598l.088-.416c-.2.176-.492.246-.686.246-.275 0-.375-.193-.304-.533L8.93 6.588zM9 4.5a1 1 0 1 1-2 0 1 1 0 0 1 2 0z\"><\/path>\n<\/svg><\/div>\n\n\n\n<p class=\"has-text-align-center has-foreground-color has-text-color has-link-color wp-elements-6 wp-block-paragraph\"><a href=\"https:\/\/www.visitgorliz.eus\/fr\/office-de-tourisme\/\">OFFICE DE TOURISME<\/a><\/p>\n<\/div><\/div>\n<\/div><\/div>\n<\/div><\/div>\n<\/div><\/div>\n<\/div>\n\n\n\n<div class=\"wp-block-genesis-blocks-gb-columns gb-layout-columns-1 one-column has-primary-background-color gb-has-custom-text-color gb-columns-center alignfull\" style=\"padding-top:3em;padding-right:1em;padding-bottom:3em;padding-left:1em;color:#333333\"><div class=\"gb-layout-column-wrap gb-block-layout-column-gap-2 gb-is-responsive-column\" style=\"max-width:1450px\">\n<div class=\"wp-block-genesis-blocks-gb-column gb-block-layout-column\"><div class=\"gb-block-layout-column-inner\">\n<h2 class=\"wp-block-heading has-background-color has-text-color has-large-font-size\" style=\"line-height:1.1\">DERNI\u00c8RES NOUVELLES<\/h2>\n\n\n\n<div class=\"wp-block-genesis-blocks-gb-columns gpb-authority-blog-posts gb-layout-columns-1 one-column gb-columns-center\" style=\"padding-top:1em\"><div class=\"gb-layout-column-wrap gb-block-layout-column-gap-2 gb-is-responsive-column\" style=\"max-width:1450px\">\n<div class=\"wp-block-genesis-blocks-gb-column gb-block-layout-column\"><div class=\"gb-block-layout-column-inner has-canvas-color\"><div class=\"gb-block-post-grid featuredpost aligncenter gpb-authority-section-blog-posts \"><div class=\"gb-post-grid-items is-grid columns-3\"><article id=\"post-59923\" class=\"gb-post-grid-item hide-featured-image post-59923 post type-post status-publish format-standard has-post-thumbnail hentry category-non-classifiee\"><div class=\"gb-block-post-grid-text\"><header class=\"gb-block-post-grid-header\"><h2 class=\"gb-block-post-grid-title\"><a href=\"https:\/\/www.visitgorliz.eus\/fr\/eclipse-total-de-sol-en-gorliz-todo-lo-que-necesitas-saber-para-vivir-un-momento-historico\/\" rel=\"bookmark\">Gorliz face \u00e0 l\u2019\u00e9clipse solaire : tout ce qu\u2019il faut savoir pour vivre un moment exceptionnel<\/a><\/h2><div class=\"gb-block-post-grid-byline\"><\/div><\/header><div class=\"gb-block-post-grid-excerpt\"><p>Le 12 ao\u00fbt 2026, Gorliz sera l\u2019un des lieux privil\u00e9gi\u00e9s de la c\u00f4te basque pour observer un \u00e9v\u00e9nement astronomique exceptionnel : une \u00e9clipse solaire partielle au cours de laquelle environ\u2026<\/p>\n<p><a class=\"gb-block-post-grid-more-link gb-text-link\" href=\"https:\/\/www.visitgorliz.eus\/fr\/eclipse-total-de-sol-en-gorliz-todo-lo-que-necesitas-saber-para-vivir-un-momento-historico\/\" rel=\"bookmark\">Plus d\u2019informations <span class=\"screen-reader-text\">Gorliz face \u00e0 l\u2019\u00e9clipse solaire : tout ce qu\u2019il faut savoir pour vivre un moment exceptionnel<\/span><\/a><\/p><\/div><\/div><\/article>\n<article id=\"post-59219\" class=\"gb-post-grid-item hide-featured-image post-59219 post type-post status-publish format-standard has-post-thumbnail hentry category-non-classifiee\"><div class=\"gb-block-post-grid-text\"><header class=\"gb-block-post-grid-header\"><h2 class=\"gb-block-post-grid-title\"><a href=\"https:\/\/www.visitgorliz.eus\/fr\/musees-gratuits-en-biscaye-ou-entrer-gratuitement-et-quand\/\" rel=\"bookmark\">Mus\u00e9es gratuits en Biscaye : o\u00f9 entrer gratuitement et quand<\/a><\/h2><div class=\"gb-block-post-grid-byline\"><\/div><\/header><div class=\"gb-block-post-grid-excerpt\"><p>Saviez-vous qu&rsquo;il est possible de visiter gratuitement certains mus\u00e9es de Biscaye ? Si vous passez quelques jours \u00e0 Gorliz ou si vous recherchez une escapade culturelle diff\u00e9rente, nous vous proposons\u2026<\/p>\n<p><a class=\"gb-block-post-grid-more-link gb-text-link\" href=\"https:\/\/www.visitgorliz.eus\/fr\/musees-gratuits-en-biscaye-ou-entrer-gratuitement-et-quand\/\" rel=\"bookmark\">Plus d\u2019informations <span class=\"screen-reader-text\">Mus\u00e9es gratuits en Biscaye : o\u00f9 entrer gratuitement et quand<\/span><\/a><\/p><\/div><\/div><\/article>\n<article id=\"post-56995\" class=\"gb-post-grid-item hide-featured-image post-56995 post type-post status-publish format-standard has-post-thumbnail hentry category-non-classifiee\"><div class=\"gb-block-post-grid-text\"><header class=\"gb-block-post-grid-header\"><h2 class=\"gb-block-post-grid-title\"><a href=\"https:\/\/www.visitgorliz.eus\/fr\/le-plus-beau-coucher-de-soleil-de-biscaye-se-trouve-a-gorliz\/\" rel=\"bookmark\">Le plus beau coucher de soleil de Biscaye se trouve \u00e0 Gorliz<\/a><\/h2><div class=\"gb-block-post-grid-byline\"><\/div><\/header><div class=\"gb-block-post-grid-excerpt\"><p>Il existe des endroits qui changent compl\u00e8tement lorsque le soleil se couche. Et Gorliz en fait partie. Peut-\u00eatre est-ce la forme de sa baie. Peut-\u00eatre la lumi\u00e8re dor\u00e9e qui se\u2026<\/p>\n<p><a class=\"gb-block-post-grid-more-link gb-text-link\" href=\"https:\/\/www.visitgorliz.eus\/fr\/le-plus-beau-coucher-de-soleil-de-biscaye-se-trouve-a-gorliz\/\" rel=\"bookmark\">Plus d\u2019informations <span class=\"screen-reader-text\">Le plus beau coucher de soleil de Biscaye se trouve \u00e0 Gorliz<\/span><\/a><\/p><\/div><\/div><\/article>\n<article id=\"post-55828\" class=\"gb-post-grid-item hide-featured-image post-55828 post type-post status-publish format-standard has-post-thumbnail hentry category-non-classifiee\"><div class=\"gb-block-post-grid-text\"><header class=\"gb-block-post-grid-header\"><h2 class=\"gb-block-post-grid-title\"><a href=\"https:\/\/www.visitgorliz.eus\/fr\/semana-santa-2026-en-gorliz-y-uribe-tu-guia-de-planes-imprescindibles\/\" rel=\"bookmark\">Semaine Sainte 2026 \u00e0 Gorliz et Uribe : Votre Guide des Plans Incontournables<\/a><\/h2><div class=\"gb-block-post-grid-byline\"><\/div><\/header><div class=\"gb-block-post-grid-excerpt\"><p>Vous cherchez l&rsquo;\u00e9quilibre parfait entre mer, montagne et gastronomie pour ces vacances ? Cette Semaine Sainte, la R\u00e9gion d&rsquo;Uribe se m\u00e9tamorphose. Que vous veniez en famille, en couple ou entre\u2026<\/p>\n<p><a class=\"gb-block-post-grid-more-link gb-text-link\" href=\"https:\/\/www.visitgorliz.eus\/fr\/semana-santa-2026-en-gorliz-y-uribe-tu-guia-de-planes-imprescindibles\/\" rel=\"bookmark\">Plus d\u2019informations <span class=\"screen-reader-text\">Semaine Sainte 2026 \u00e0 Gorliz et Uribe : Votre Guide des Plans Incontournables<\/span><\/a><\/p><\/div><\/div><\/article>\n<article id=\"post-54811\" class=\"gb-post-grid-item hide-featured-image post-54811 post type-post status-publish format-standard has-post-thumbnail hentry category-sin-categoria category-sin-categorizar\"><div class=\"gb-block-post-grid-text\"><header class=\"gb-block-post-grid-header\"><h2 class=\"gb-block-post-grid-title\"><a href=\"https:\/\/www.visitgorliz.eus\/fr\/avant-de-venir-a-gorliz-faq-voyage-climat-acces-plages-chiens-camping-cars-et-plus-encore\/\" rel=\"bookmark\">Avant de venir \u00e0 Gorliz : FAQ voyage (climat, acc\u00e8s, plages, chiens, camping-cars et plus encore)<\/a><\/h2><div class=\"gb-block-post-grid-byline\"><\/div><\/header><div class=\"gb-block-post-grid-excerpt\"><p>Si vous envisagez de visiter Gorliz et que vous vous posez mille questions \u2013 comment y aller, o\u00f9 se garer, quel temps il fait, si vous pouvez venir avec votre\u2026<\/p>\n<p><a class=\"gb-block-post-grid-more-link gb-text-link\" href=\"https:\/\/www.visitgorliz.eus\/fr\/avant-de-venir-a-gorliz-faq-voyage-climat-acces-plages-chiens-camping-cars-et-plus-encore\/\" rel=\"bookmark\">Plus d\u2019informations <span class=\"screen-reader-text\">Avant de venir \u00e0 Gorliz : FAQ voyage (climat, acc\u00e8s, plages, chiens, camping-cars et plus encore)<\/span><\/a><\/p><\/div><\/div><\/article>\n<article id=\"post-56823\" class=\"gb-post-grid-item hide-featured-image post-56823 post type-post status-publish format-standard has-post-thumbnail hentry category-non-classifiee\"><div class=\"gb-block-post-grid-text\"><header class=\"gb-block-post-grid-header\"><h2 class=\"gb-block-post-grid-title\"><a href=\"https:\/\/www.visitgorliz.eus\/fr\/antes-de-venir-a-gorliz-faq-de-viaje-clima-como-llegar-playas-perros-caravanas-y-mas\/\" rel=\"bookmark\">Avant de venir \u00e0 Gorliz : FAQ de voyage (climat, comment s\u2019y rendre, plages, chiens, camping-cars et plus encore)<\/a><\/h2><div class=\"gb-block-post-grid-byline\"><\/div><\/header><div class=\"gb-block-post-grid-excerpt\"><p>Si vous envisagez de visiter Gorliz et que vous avez mille questions \u2013 comment s\u2019y rendre, o\u00f9 se garer, quel temps il fait, si vous pouvez venir avec votre chien\u2026<\/p>\n<p><a class=\"gb-block-post-grid-more-link gb-text-link\" href=\"https:\/\/www.visitgorliz.eus\/fr\/antes-de-venir-a-gorliz-faq-de-viaje-clima-como-llegar-playas-perros-caravanas-y-mas\/\" rel=\"bookmark\">Plus d\u2019informations <span class=\"screen-reader-text\">Avant de venir \u00e0 Gorliz : FAQ de voyage (climat, comment s\u2019y rendre, plages, chiens, camping-cars et plus encore)<\/span><\/a><\/p><\/div><\/div><\/article>\n<\/div><\/div><\/div><\/div>\n<\/div><\/div>\n<\/div><\/div>\n<\/div><\/div>\n\n\n\n<div class=\"wp-block-genesis-blocks-gb-columns gb-slate-section-text-with-cta gb-slate-text-with-cta gb-layout-columns-1 gb-1-col-equal gb-has-background-dim gb-has-background-dim-60 gb-background-cover gb-background-no-repeat gb-has-custom-background-color gb-has-custom-text-color gb-columns-center alignfull lazyload\" style=\"padding-top:4em;padding-right:1em;padding-bottom:4em;padding-left:1em;background-color:#1f1f1f;color:#f5f5f5;background-image:inherit;background-position:50% 52%\" data-bg-image=\"url(https:\/\/www.visitgorliz.eus\/wp-content\/uploads\/2023\/03\/playa-gorliz-amanecer.jpg)\"><div class=\"gb-layout-column-wrap gb-block-layout-column-gap-0 gb-is-responsive-column\" style=\"max-width:872px\">\n<div class=\"wp-block-genesis-blocks-gb-column gb-block-layout-column\"><div class=\"gb-block-layout-column-inner\">\n<div class=\"wp-block-buttons is-horizontal is-content-justification-center is-layout-flex wp-container-core-buttons-is-layout-2b3eae21 wp-block-buttons-is-layout-flex\">\n<div class=\"wp-block-button\"><a class=\"wp-block-button__link has-background-color has-primary-background-color has-text-color has-background wp-element-button\" href=\"https:\/\/www.visitgorliz.eus\/fr\/sabonner\/\" style=\"border-radius:4px\">Recevez tous les plans dans votre e-mail: S&rsquo;abonner<\/a><\/div>\n<\/div>\n<\/div><\/div>\n<\/div><\/div>\n","protected":false},"excerpt":{"rendered":"","protected":false},"author":1,"featured_media":0,"parent":0,"menu_order":0,"comment_status":"closed","ping_status":"closed","template":"","meta":{"footnotes":""},"class_list":["post-32531","page","type-page","status-publish","hentry"],"featured_image":{"thumbnail":false,"medium":false,"medium_large":false,"large":false},"yoast_head":"<!-- This site is optimized with the Yoast SEO plugin v28.1 - https:\/\/yoast.com\/product\/yoast-seo-wordpress\/ -->\n<title>Services Gorliz : adresses et contact<\/title>\n<meta name=\"description\" content=\"Pharmacies \u00e0 Gorliz, Biblioth\u00e8que, H\u00f4pitaux de Gorliz et Urduliz, Biblioth\u00e8que, Mairie, Centre sportif. Retrouvez les contacts des services de Gorliz, Biscaye.\" \/>\n<meta name=\"robots\" content=\"index, follow, max-snippet:-1, max-image-preview:large, max-video-preview:-1\" \/>\n<link rel=\"canonical\" href=\"https:\/\/www.visitgorliz.eus\/fr\/services\/\" \/>\n<meta property=\"og:locale\" content=\"fr_FR\" \/>\n<meta property=\"og:type\" content=\"article\" \/>\n<meta property=\"og:title\" content=\"Services Gorliz : adresses et contact\" \/>\n<meta property=\"og:description\" content=\"Pharmacies \u00e0 Gorliz, Biblioth\u00e8que, H\u00f4pitaux de Gorliz et Urduliz, Biblioth\u00e8que, Mairie, Centre sportif. Retrouvez les contacts des services de Gorliz, Biscaye.\" \/>\n<meta property=\"og:url\" content=\"https:\/\/www.visitgorliz.eus\/fr\/services\/\" \/>\n<meta property=\"og:site_name\" content=\"Turismo Gorliz\" \/>\n<meta property=\"article:publisher\" content=\"https:\/\/www.facebook.com\/GorlizTurismo\/\" \/>\n<meta property=\"article:modified_time\" content=\"2023-04-24T15:14:38+00:00\" \/>\n<meta name=\"twitter:card\" content=\"summary_large_image\" \/>\n<meta name=\"twitter:site\" content=\"@VisitGorliz\" \/>\n<!-- \/ Yoast SEO plugin. -->","yoast_head_json":{"title":"Services Gorliz : adresses et contact","description":"Pharmacies \u00e0 Gorliz, Biblioth\u00e8que, H\u00f4pitaux de Gorliz et Urduliz, Biblioth\u00e8que, Mairie, Centre sportif. Retrouvez les contacts des services de Gorliz, Biscaye.","robots":{"index":"index","follow":"follow","max-snippet":"max-snippet:-1","max-image-preview":"max-image-preview:large","max-video-preview":"max-video-preview:-1"},"canonical":"https:\/\/www.visitgorliz.eus\/fr\/services\/","og_locale":"fr_FR","og_type":"article","og_title":"Services Gorliz : adresses et contact","og_description":"Pharmacies \u00e0 Gorliz, Biblioth\u00e8que, H\u00f4pitaux de Gorliz et Urduliz, Biblioth\u00e8que, Mairie, Centre sportif. Retrouvez les contacts des services de Gorliz, Biscaye.","og_url":"https:\/\/www.visitgorliz.eus\/fr\/services\/","og_site_name":"Turismo Gorliz","article_publisher":"https:\/\/www.facebook.com\/GorlizTurismo\/","article_modified_time":"2023-04-24T15:14:38+00:00","twitter_card":"summary_large_image","twitter_site":"@VisitGorliz","schema":{"@context":"https:\/\/schema.org","@graph":[{"@type":"WebPage","@id":"https:\/\/www.visitgorliz.eus\/fr\/services\/","url":"https:\/\/www.visitgorliz.eus\/fr\/services\/","name":"Services Gorliz : adresses et contact","isPartOf":{"@id":"https:\/\/www.visitgorliz.eus\/fr\/#website"},"datePublished":"2023-03-09T00:05:33+00:00","dateModified":"2023-04-24T15:14:38+00:00","description":"Pharmacies \u00e0 Gorliz, Biblioth\u00e8que, H\u00f4pitaux de Gorliz et Urduliz, Biblioth\u00e8que, Mairie, Centre sportif. Retrouvez les contacts des services de Gorliz, Biscaye.","breadcrumb":{"@id":"https:\/\/www.visitgorliz.eus\/fr\/services\/#breadcrumb"},"inLanguage":"fr-FR","potentialAction":[{"@type":"ReadAction","target":["https:\/\/www.visitgorliz.eus\/fr\/services\/"]}]},{"@type":"BreadcrumbList","@id":"https:\/\/www.visitgorliz.eus\/fr\/services\/#breadcrumb","itemListElement":[{"@type":"ListItem","position":1,"name":"Portada","item":"https:\/\/www.visitgorliz.eus\/fr\/"},{"@type":"ListItem","position":2,"name":"SERVICES"}]},{"@type":"WebSite","@id":"https:\/\/www.visitgorliz.eus\/fr\/#website","url":"https:\/\/www.visitgorliz.eus\/fr\/","name":"Turismo Gorliz","description":"","publisher":{"@id":"https:\/\/www.visitgorliz.eus\/fr\/#organization"},"potentialAction":[{"@type":"SearchAction","target":{"@type":"EntryPoint","urlTemplate":"https:\/\/www.visitgorliz.eus\/fr\/?s={search_term_string}"},"query-input":{"@type":"PropertyValueSpecification","valueRequired":true,"valueName":"search_term_string"}}],"inLanguage":"fr-FR"},{"@type":"Organization","@id":"https:\/\/www.visitgorliz.eus\/fr\/#organization","name":"Turismo Gorliz","url":"https:\/\/www.visitgorliz.eus\/fr\/","logo":{"@type":"ImageObject","inLanguage":"fr-FR","@id":"https:\/\/www.visitgorliz.eus\/fr\/#\/schema\/logo\/image\/","url":"https:\/\/www.visitgorliz.eus\/wp-content\/uploads\/2023\/03\/logo-gorliz.png","contentUrl":"https:\/\/www.visitgorliz.eus\/wp-content\/uploads\/2023\/03\/logo-gorliz.png","width":199,"height":98,"caption":"Turismo Gorliz"},"image":{"@id":"https:\/\/www.visitgorliz.eus\/fr\/#\/schema\/logo\/image\/"},"sameAs":["https:\/\/www.facebook.com\/GorlizTurismo\/","https:\/\/x.com\/VisitGorliz","https:\/\/www.instagram.com\/visitgorliz_\/"]}]}},"featured_image_src":null,"featured_image_src_square":null,"_links":{"self":[{"href":"https:\/\/www.visitgorliz.eus\/fr\/wp-json\/wp\/v2\/pages\/32531","targetHints":{"allow":["GET"]}}],"collection":[{"href":"https:\/\/www.visitgorliz.eus\/fr\/wp-json\/wp\/v2\/pages"}],"about":[{"href":"https:\/\/www.visitgorliz.eus\/fr\/wp-json\/wp\/v2\/types\/page"}],"author":[{"embeddable":true,"href":"https:\/\/www.visitgorliz.eus\/fr\/wp-json\/wp\/v2\/users\/1"}],"replies":[{"embeddable":true,"href":"https:\/\/www.visitgorliz.eus\/fr\/wp-json\/wp\/v2\/comments?post=32531"}],"version-history":[{"count":2,"href":"https:\/\/www.visitgorliz.eus\/fr\/wp-json\/wp\/v2\/pages\/32531\/revisions"}],"predecessor-version":[{"id":34018,"href":"https:\/\/www.visitgorliz.eus\/fr\/wp-json\/wp\/v2\/pages\/32531\/revisions\/34018"}],"wp:attachment":[{"href":"https:\/\/www.visitgorliz.eus\/fr\/wp-json\/wp\/v2\/media?parent=32531"}],"curies":[{"name":"wp","href":"https:\/\/api.w.org\/{rel}","templated":true}]}}